{"id":10039,"date":"2021-09-12T10:11:38","date_gmt":"2021-09-12T08:11:38","guid":{"rendered":"http:\/\/www.psychologies.be\/com\/?post_type=adresse&#038;p=10039"},"modified":"2021-09-17T09:54:56","modified_gmt":"2021-09-17T07:54:56","slug":"une-vie-demente-apres-des-mois-dattente-le-film-sera-au-cinema-le-8-septembre","status":"publish","type":"adresse","link":"https:\/\/www.psychologies.be\/fr\/adresse\/une-vie-demente-apres-des-mois-dattente-le-film-sera-au-cinema-le-8-septembre\/","title":{"rendered":"\u00ab Une vie d\u00e9mente \u00bb, apr\u00e8s des mois d\u2019attente, le film sera au cin\u00e9ma le 8 septembre !"},"content":{"rendered":"","protected":false},"author":5,"featured_media":10112,"template":"","meta":{"_acf_changed":false,"footnotes":""},"class_list":["post-10039","adresse","type-adresse","status-publish","has-post-thumbnail","hentry"],"acf":{"coeur":true,"random":false,"description":"<p>&nbsp;<\/p>\n<p>Apr\u00e8s de nombreux prix en festivals internationaux et un passage par le Festival du Film Francophone de Namur, ce film s\u00e9duit car il est tendre et bouleversant mais surtout par sa capacit\u00e9 \u00e0 faire rire m\u00eame dans une situation compliqu\u00e9e.<\/p>\n<p>C\u2019est un film plein d\u2019espoir.<\/p>\n<p>Une vie d\u00e9mente raconte l\u2019histoire d&#8217;Alex et No\u00e9mie qui voudraient avoir un enfant. Mais lorsque Suzanne, la m\u00e8re branch\u00e9e d&#8217;Alex, adopte un comportement de plus en plus farfelu, les choses se compliquent.<\/p>\n<p>Entre l\u2019enfant d\u00e9sir\u00e9 et l\u2019enfant que Suzanne devient, tout s\u2019emm\u00eale.<\/p>\n","intro":"C\u2019est l\u2019histoire d\u2019un rod\u00e9o, la travers\u00e9e agit\u00e9e d\u2019un couple qui d\u00e9couvre la parentalit\u00e9 \u00e0 l\u2019envers !","nom_societe":"Imagine Film Distribution","adresse":"","site":"https:\/\/imaginefilm.be\/fr\/","lien_facebook":"","telephone":"","email":"","number_impressions":""},"_yoast_wpseo_metadesc":null,"_yoast_wpseo_title":null,"yoast_head":"<!-- This site is optimized with the Yoast SEO plugin v27.3 - https:\/\/yoast.com\/product\/yoast-seo-wordpress\/ -->\n<title>\u00ab Une vie d\u00e9mente \u00bb, apr\u00e8s des mois d\u2019attente, le film sera au cin\u00e9ma le 8 septembre ! | Psychologies Belgique<\/title>\n<meta name=\"robots\" content=\"noindex, follow\" \/>\n<meta property=\"og:locale\" content=\"fr_FR\" \/>\n<meta property=\"og:type\" content=\"article\" \/>\n<meta property=\"og:title\" content=\"\u00ab Une vie d\u00e9mente \u00bb, apr\u00e8s des mois d\u2019attente, le film sera au cin\u00e9ma le 8 septembre ! | Psychologies Belgique\" \/>\n<meta property=\"og:url\" content=\"https:\/\/www.psychologies.be\/fr\/adresse\/une-vie-demente-apres-des-mois-dattente-le-film-sera-au-cinema-le-8-septembre\/\" \/>\n<meta property=\"og:site_name\" content=\"Psychologies Belgique\" \/>\n<meta property=\"article:publisher\" content=\"https:\/\/www.facebook.com\/Psychologies\" \/>\n<meta property=\"article:modified_time\" content=\"2021-09-17T07:54:56+00:00\" \/>\n<meta property=\"og:image\" content=\"https:\/\/www.psychologies.be\/fr\/wp-content\/uploads\/2012\/08\/psycho_cover-7.jpg\" \/>\n\t<meta property=\"og:image:width\" content=\"690\" \/>\n\t<meta property=\"og:image:height\" content=\"362\" \/>\n\t<meta property=\"og:image:type\" content=\"image\/jpeg\" \/>\n<meta name=\"twitter:card\" content=\"summary_large_image\" \/>\n<script type=\"application\/ld+json\" class=\"yoast-schema-graph\">{\"@context\":\"https:\\\/\\\/schema.org\",\"@graph\":[{\"@type\":\"WebPage\",\"@id\":\"https:\\\/\\\/www.psychologies.be\\\/fr\\\/adresse\\\/une-vie-demente-apres-des-mois-dattente-le-film-sera-au-cinema-le-8-septembre\\\/\",\"url\":\"https:\\\/\\\/www.psychologies.be\\\/fr\\\/adresse\\\/une-vie-demente-apres-des-mois-dattente-le-film-sera-au-cinema-le-8-septembre\\\/\",\"name\":\"\u00ab Une vie d\u00e9mente \u00bb, apr\u00e8s des mois d\u2019attente, le film sera au cin\u00e9ma le 8 septembre ! | Psychologies Belgique\",\"isPartOf\":{\"@id\":\"https:\\\/\\\/www.psychologies.be\\\/fr\\\/#website\"},\"primaryImageOfPage\":{\"@id\":\"https:\\\/\\\/www.psychologies.be\\\/fr\\\/adresse\\\/une-vie-demente-apres-des-mois-dattente-le-film-sera-au-cinema-le-8-septembre\\\/#primaryimage\"},\"image\":{\"@id\":\"https:\\\/\\\/www.psychologies.be\\\/fr\\\/adresse\\\/une-vie-demente-apres-des-mois-dattente-le-film-sera-au-cinema-le-8-septembre\\\/#primaryimage\"},\"thumbnailUrl\":\"https:\\\/\\\/www.psychologies.be\\\/fr\\\/wp-content\\\/uploads\\\/2012\\\/08\\\/psycho_cover-7.jpg\",\"datePublished\":\"2021-09-12T08:11:38+00:00\",\"dateModified\":\"2021-09-17T07:54:56+00:00\",\"breadcrumb\":{\"@id\":\"https:\\\/\\\/www.psychologies.be\\\/fr\\\/adresse\\\/une-vie-demente-apres-des-mois-dattente-le-film-sera-au-cinema-le-8-septembre\\\/#breadcrumb\"},\"inLanguage\":\"fr-FR\",\"potentialAction\":[{\"@type\":\"ReadAction\",\"target\":[\"https:\\\/\\\/www.psychologies.be\\\/fr\\\/adresse\\\/une-vie-demente-apres-des-mois-dattente-le-film-sera-au-cinema-le-8-septembre\\\/\"]}]},{\"@type\":\"ImageObject\",\"inLanguage\":\"fr-FR\",\"@id\":\"https:\\\/\\\/www.psychologies.be\\\/fr\\\/adresse\\\/une-vie-demente-apres-des-mois-dattente-le-film-sera-au-cinema-le-8-septembre\\\/#primaryimage\",\"url\":\"https:\\\/\\\/www.psychologies.be\\\/fr\\\/wp-content\\\/uploads\\\/2012\\\/08\\\/psycho_cover-7.jpg\",\"contentUrl\":\"https:\\\/\\\/www.psychologies.be\\\/fr\\\/wp-content\\\/uploads\\\/2012\\\/08\\\/psycho_cover-7.jpg\",\"width\":690,\"height\":362},{\"@type\":\"BreadcrumbList\",\"@id\":\"https:\\\/\\\/www.psychologies.be\\\/fr\\\/adresse\\\/une-vie-demente-apres-des-mois-dattente-le-film-sera-au-cinema-le-8-septembre\\\/#breadcrumb\",\"itemListElement\":[{\"@type\":\"ListItem\",\"position\":1,\"name\":\"Home\",\"item\":\"https:\\\/\\\/www.psychologies.be\\\/fr\\\/\"},{\"@type\":\"ListItem\",\"position\":2,\"name\":\"Adresses\",\"item\":\"https:\\\/\\\/www.psychologies.be\\\/fr\\\/adresse\\\/\"},{\"@type\":\"ListItem\",\"position\":3,\"name\":\"\u00ab Une vie d\u00e9mente \u00bb, apr\u00e8s des mois d\u2019attente, le film sera au cin\u00e9ma le 8 septembre !\"}]},{\"@type\":\"WebSite\",\"@id\":\"https:\\\/\\\/www.psychologies.be\\\/fr\\\/#website\",\"url\":\"https:\\\/\\\/www.psychologies.be\\\/fr\\\/\",\"name\":\"Psychologies Belgique\",\"description\":\"Psychologie, mieux se conna\u00eetre pour mieux vivre sa vie\",\"publisher\":{\"@id\":\"https:\\\/\\\/www.psychologies.be\\\/fr\\\/#organization\"},\"potentialAction\":[{\"@type\":\"SearchAction\",\"target\":{\"@type\":\"EntryPoint\",\"urlTemplate\":\"https:\\\/\\\/www.psychologies.be\\\/fr\\\/?s={search_term_string}\"},\"query-input\":{\"@type\":\"PropertyValueSpecification\",\"valueRequired\":true,\"valueName\":\"search_term_string\"}}],\"inLanguage\":\"fr-FR\"},{\"@type\":\"Organization\",\"@id\":\"https:\\\/\\\/www.psychologies.be\\\/fr\\\/#organization\",\"name\":\"Psychologies Belgique\",\"url\":\"https:\\\/\\\/www.psychologies.be\\\/fr\\\/\",\"logo\":{\"@type\":\"ImageObject\",\"inLanguage\":\"fr-FR\",\"@id\":\"https:\\\/\\\/www.psychologies.be\\\/fr\\\/#\\\/schema\\\/logo\\\/image\\\/\",\"url\":\"https:\\\/\\\/www.psychologies.be\\\/fr\\\/wp-content\\\/uploads\\\/2025\\\/03\\\/psychologies-be.png\",\"contentUrl\":\"https:\\\/\\\/www.psychologies.be\\\/fr\\\/wp-content\\\/uploads\\\/2025\\\/03\\\/psychologies-be.png\",\"width\":696,\"height\":696,\"caption\":\"Psychologies Belgique\"},\"image\":{\"@id\":\"https:\\\/\\\/www.psychologies.be\\\/fr\\\/#\\\/schema\\\/logo\\\/image\\\/\"},\"sameAs\":[\"https:\\\/\\\/www.facebook.com\\\/Psychologies\"]}]}<\/script>\n<!-- \/ Yoast SEO plugin. -->","yoast_head_json":{"title":"\u00ab Une vie d\u00e9mente \u00bb, apr\u00e8s des mois d\u2019attente, le film sera au cin\u00e9ma le 8 septembre ! | Psychologies Belgique","robots":{"index":"noindex","follow":"follow"},"og_locale":"fr_FR","og_type":"article","og_title":"\u00ab Une vie d\u00e9mente \u00bb, apr\u00e8s des mois d\u2019attente, le film sera au cin\u00e9ma le 8 septembre ! | Psychologies Belgique","og_url":"https:\/\/www.psychologies.be\/fr\/adresse\/une-vie-demente-apres-des-mois-dattente-le-film-sera-au-cinema-le-8-septembre\/","og_site_name":"Psychologies Belgique","article_publisher":"https:\/\/www.facebook.com\/Psychologies","article_modified_time":"2021-09-17T07:54:56+00:00","og_image":[{"width":690,"height":362,"url":"https:\/\/www.psychologies.be\/fr\/wp-content\/uploads\/2012\/08\/psycho_cover-7.jpg","type":"image\/jpeg"}],"twitter_card":"summary_large_image","schema":{"@context":"https:\/\/schema.org","@graph":[{"@type":"WebPage","@id":"https:\/\/www.psychologies.be\/fr\/adresse\/une-vie-demente-apres-des-mois-dattente-le-film-sera-au-cinema-le-8-septembre\/","url":"https:\/\/www.psychologies.be\/fr\/adresse\/une-vie-demente-apres-des-mois-dattente-le-film-sera-au-cinema-le-8-septembre\/","name":"\u00ab Une vie d\u00e9mente \u00bb, apr\u00e8s des mois d\u2019attente, le film sera au cin\u00e9ma le 8 septembre ! | Psychologies Belgique","isPartOf":{"@id":"https:\/\/www.psychologies.be\/fr\/#website"},"primaryImageOfPage":{"@id":"https:\/\/www.psychologies.be\/fr\/adresse\/une-vie-demente-apres-des-mois-dattente-le-film-sera-au-cinema-le-8-septembre\/#primaryimage"},"image":{"@id":"https:\/\/www.psychologies.be\/fr\/adresse\/une-vie-demente-apres-des-mois-dattente-le-film-sera-au-cinema-le-8-septembre\/#primaryimage"},"thumbnailUrl":"https:\/\/www.psychologies.be\/fr\/wp-content\/uploads\/2012\/08\/psycho_cover-7.jpg","datePublished":"2021-09-12T08:11:38+00:00","dateModified":"2021-09-17T07:54:56+00:00","breadcrumb":{"@id":"https:\/\/www.psychologies.be\/fr\/adresse\/une-vie-demente-apres-des-mois-dattente-le-film-sera-au-cinema-le-8-septembre\/#breadcrumb"},"inLanguage":"fr-FR","potentialAction":[{"@type":"ReadAction","target":["https:\/\/www.psychologies.be\/fr\/adresse\/une-vie-demente-apres-des-mois-dattente-le-film-sera-au-cinema-le-8-septembre\/"]}]},{"@type":"ImageObject","inLanguage":"fr-FR","@id":"https:\/\/www.psychologies.be\/fr\/adresse\/une-vie-demente-apres-des-mois-dattente-le-film-sera-au-cinema-le-8-septembre\/#primaryimage","url":"https:\/\/www.psychologies.be\/fr\/wp-content\/uploads\/2012\/08\/psycho_cover-7.jpg","contentUrl":"https:\/\/www.psychologies.be\/fr\/wp-content\/uploads\/2012\/08\/psycho_cover-7.jpg","width":690,"height":362},{"@type":"BreadcrumbList","@id":"https:\/\/www.psychologies.be\/fr\/adresse\/une-vie-demente-apres-des-mois-dattente-le-film-sera-au-cinema-le-8-septembre\/#breadcrumb","itemListElement":[{"@type":"ListItem","position":1,"name":"Home","item":"https:\/\/www.psychologies.be\/fr\/"},{"@type":"ListItem","position":2,"name":"Adresses","item":"https:\/\/www.psychologies.be\/fr\/adresse\/"},{"@type":"ListItem","position":3,"name":"\u00ab Une vie d\u00e9mente \u00bb, apr\u00e8s des mois d\u2019attente, le film sera au cin\u00e9ma le 8 septembre !"}]},{"@type":"WebSite","@id":"https:\/\/www.psychologies.be\/fr\/#website","url":"https:\/\/www.psychologies.be\/fr\/","name":"Psychologies Belgique","description":"Psychologie, mieux se conna\u00eetre pour mieux vivre sa vie","publisher":{"@id":"https:\/\/www.psychologies.be\/fr\/#organization"},"potentialAction":[{"@type":"SearchAction","target":{"@type":"EntryPoint","urlTemplate":"https:\/\/www.psychologies.be\/fr\/?s={search_term_string}"},"query-input":{"@type":"PropertyValueSpecification","valueRequired":true,"valueName":"search_term_string"}}],"inLanguage":"fr-FR"},{"@type":"Organization","@id":"https:\/\/www.psychologies.be\/fr\/#organization","name":"Psychologies Belgique","url":"https:\/\/www.psychologies.be\/fr\/","logo":{"@type":"ImageObject","inLanguage":"fr-FR","@id":"https:\/\/www.psychologies.be\/fr\/#\/schema\/logo\/image\/","url":"https:\/\/www.psychologies.be\/fr\/wp-content\/uploads\/2025\/03\/psychologies-be.png","contentUrl":"https:\/\/www.psychologies.be\/fr\/wp-content\/uploads\/2025\/03\/psychologies-be.png","width":696,"height":696,"caption":"Psychologies Belgique"},"image":{"@id":"https:\/\/www.psychologies.be\/fr\/#\/schema\/logo\/image\/"},"sameAs":["https:\/\/www.facebook.com\/Psychologies"]}]}},"_links":{"self":[{"href":"https:\/\/www.psychologies.be\/fr\/wp-json\/wp\/v2\/adresses-api\/10039","targetHints":{"allow":["GET"]}}],"collection":[{"href":"https:\/\/www.psychologies.be\/fr\/wp-json\/wp\/v2\/adresses-api"}],"about":[{"href":"https:\/\/www.psychologies.be\/fr\/wp-json\/wp\/v2\/types\/adresse"}],"author":[{"embeddable":true,"href":"https:\/\/www.psychologies.be\/fr\/wp-json\/wp\/v2\/users\/5"}],"version-history":[{"count":0,"href":"https:\/\/www.psychologies.be\/fr\/wp-json\/wp\/v2\/adresses-api\/10039\/revisions"}],"wp:featuredmedia":[{"embeddable":true,"href":"https:\/\/www.psychologies.be\/fr\/wp-json\/wp\/v2\/media\/10112"}],"wp:attachment":[{"href":"https:\/\/www.psychologies.be\/fr\/wp-json\/wp\/v2\/media?parent=10039"}],"curies":[{"name":"wp","href":"https:\/\/api.w.org\/{rel}","templated":true}]}}