{"id":10144,"date":"2021-09-29T11:04:40","date_gmt":"2021-09-29T09:04:40","guid":{"rendered":"http:\/\/www.psychologies.be\/com\/?post_type=adresse&#038;p=10144"},"modified":"2021-10-04T14:45:25","modified_gmt":"2021-10-04T12:45:25","slug":"ateliers-de-meditation","status":"publish","type":"adresse","link":"https:\/\/www.psychologies.be\/fr\/adresse\/ateliers-de-meditation\/","title":{"rendered":"Ateliers de M\u00e9ditation"},"content":{"rendered":"","protected":false},"author":5,"featured_media":10148,"template":"","meta":{"_acf_changed":false,"footnotes":""},"class_list":["post-10144","adresse","type-adresse","status-publish","has-post-thumbnail","hentry","Categorie-approche-psycho-corporelle","Categorie-centres-de-bien-etre","Categorie-centres-de-formations","Categorie-yoga-et-meditation"],"acf":{"coeur":true,"random":false,"description":"<p>Dans notre soci\u00e9t\u00e9, la Pleine Conscience est devenue une m\u00e9thode de choix pour g\u00e9rer le stress et toutes nos tensions int\u00e9rieures dont l\u2019anxi\u00e9t\u00e9, la d\u00e9pression, le burn-out et bien d\u2019autres troubles psychosomatiques. L\u2019EMI (Ecole de M\u00e9ditation Int\u00e9grative) a pour vocation de rendre la m\u00e9ditation accessible \u00e0 tous gr\u00e2ce \u00e0 diff\u00e9rents ateliers et formations.<\/p>\n<p>\u00ab La sensation d&#8217;\u00eatre heureux ou malheureux d\u00e9pend rarement de notre \u00e9tat dans l&#8217;absolu, mais de notre perception de la situation, de notre capacit\u00e9 \u00e0 nous satisfaire de ce que nous avons. \u00bb Dala\u00ef Lama<\/p>\n<p>Devenir son propre guide<\/p>\n<p>Le bien-\u00eatre et l\u2019ouverture d\u2019esprit, \u00e7a s\u2019apprend ! L\u2019EMI int\u00e8gre diff\u00e9rents courants de m\u00e9ditation, dont la Mindfulness, le Yoga Int\u00e9gral de Sri Aurobindo et la M\u00e9ditation Concentrative. Au-del\u00e0 de son impact sur l\u2019approche du bonheur sur le plan psychologique et physique, l\u2019EMI s\u2019ouvre au plan spirituel inscrit dans toute qu\u00eate du sens de la vie. Elle permet de lancer un processus de connaissance de soi, avec un outil original appel\u00e9 \u00ab Mind Scan \u00bb mais aussi \u00e0 travers la musique, le corps ou encore la respiration.<\/p>\n<p>&nbsp;<\/p>\n","intro":"Le bien-\u00eatre et l\u2019ouverture d\u2019esprit, \u00e7a s\u2019apprend\u00a0! L\u2019EMI int\u00e8gre diff\u00e9rents courants de m\u00e9ditation, dont la Mindfulness, le Yoga Int\u00e9gral de Sri Aurobindo et la M\u00e9ditation Concentrative.Quand\u00a0? A partir d\u2019octobre O\u00f9\u00a0? A Bruxelles ou \u00e0 Louvain-la-Neuve Renseignements\u00a0? infomedit@gmail.com\u00a0 ou par t\u00e9l\u00e9phone au 02\/242 45 09 Site web\u00a0: www.meditation-integrative.eu","nom_societe":"Infomedit","adresse":"\u00c0 Bruxelles ou \u00e0 Louvain-la-Neuve","site":"http:\/\/www.meditation-integrative.eu","lien_facebook":"","telephone":"02\/242 45 09","email":"infomedit@gmail.com","number_impressions":""},"_yoast_wpseo_metadesc":null,"_yoast_wpseo_title":null,"yoast_head":"<!-- This site is optimized with the Yoast SEO plugin v27.3 - https:\/\/yoast.com\/product\/yoast-seo-wordpress\/ -->\n<title>Ateliers de M\u00e9ditation | Psychologies Belgique<\/title>\n<meta name=\"robots\" content=\"noindex, follow\" \/>\n<meta property=\"og:locale\" content=\"fr_FR\" \/>\n<meta property=\"og:type\" content=\"article\" \/>\n<meta property=\"og:title\" content=\"Ateliers de M\u00e9ditation | Psychologies Belgique\" \/>\n<meta property=\"og:url\" content=\"https:\/\/www.psychologies.be\/fr\/adresse\/ateliers-de-meditation\/\" \/>\n<meta property=\"og:site_name\" content=\"Psychologies Belgique\" \/>\n<meta property=\"article:publisher\" content=\"https:\/\/www.facebook.com\/Psychologies\" \/>\n<meta property=\"article:modified_time\" content=\"2021-10-04T12:45:25+00:00\" \/>\n<meta property=\"og:image\" content=\"https:\/\/www.psychologies.be\/fr\/wp-content\/uploads\/2012\/09\/psycho_coverInfomedit.jpg\" \/>\n\t<meta property=\"og:image:width\" content=\"690\" \/>\n\t<meta property=\"og:image:height\" content=\"362\" \/>\n\t<meta property=\"og:image:type\" content=\"image\/jpeg\" \/>\n<meta name=\"twitter:card\" content=\"summary_large_image\" \/>\n<script type=\"application\/ld+json\" class=\"yoast-schema-graph\">{\"@context\":\"https:\\\/\\\/schema.org\",\"@graph\":[{\"@type\":\"WebPage\",\"@id\":\"https:\\\/\\\/www.psychologies.be\\\/fr\\\/adresse\\\/ateliers-de-meditation\\\/\",\"url\":\"https:\\\/\\\/www.psychologies.be\\\/fr\\\/adresse\\\/ateliers-de-meditation\\\/\",\"name\":\"Ateliers de M\u00e9ditation | Psychologies Belgique\",\"isPartOf\":{\"@id\":\"https:\\\/\\\/www.psychologies.be\\\/fr\\\/#website\"},\"primaryImageOfPage\":{\"@id\":\"https:\\\/\\\/www.psychologies.be\\\/fr\\\/adresse\\\/ateliers-de-meditation\\\/#primaryimage\"},\"image\":{\"@id\":\"https:\\\/\\\/www.psychologies.be\\\/fr\\\/adresse\\\/ateliers-de-meditation\\\/#primaryimage\"},\"thumbnailUrl\":\"https:\\\/\\\/www.psychologies.be\\\/fr\\\/wp-content\\\/uploads\\\/2012\\\/09\\\/psycho_coverInfomedit.jpg\",\"datePublished\":\"2021-09-29T09:04:40+00:00\",\"dateModified\":\"2021-10-04T12:45:25+00:00\",\"breadcrumb\":{\"@id\":\"https:\\\/\\\/www.psychologies.be\\\/fr\\\/adresse\\\/ateliers-de-meditation\\\/#breadcrumb\"},\"inLanguage\":\"fr-FR\",\"potentialAction\":[{\"@type\":\"ReadAction\",\"target\":[\"https:\\\/\\\/www.psychologies.be\\\/fr\\\/adresse\\\/ateliers-de-meditation\\\/\"]}]},{\"@type\":\"ImageObject\",\"inLanguage\":\"fr-FR\",\"@id\":\"https:\\\/\\\/www.psychologies.be\\\/fr\\\/adresse\\\/ateliers-de-meditation\\\/#primaryimage\",\"url\":\"https:\\\/\\\/www.psychologies.be\\\/fr\\\/wp-content\\\/uploads\\\/2012\\\/09\\\/psycho_coverInfomedit.jpg\",\"contentUrl\":\"https:\\\/\\\/www.psychologies.be\\\/fr\\\/wp-content\\\/uploads\\\/2012\\\/09\\\/psycho_coverInfomedit.jpg\",\"width\":690,\"height\":362},{\"@type\":\"BreadcrumbList\",\"@id\":\"https:\\\/\\\/www.psychologies.be\\\/fr\\\/adresse\\\/ateliers-de-meditation\\\/#breadcrumb\",\"itemListElement\":[{\"@type\":\"ListItem\",\"position\":1,\"name\":\"Home\",\"item\":\"https:\\\/\\\/www.psychologies.be\\\/fr\\\/\"},{\"@type\":\"ListItem\",\"position\":2,\"name\":\"Adresses\",\"item\":\"https:\\\/\\\/www.psychologies.be\\\/fr\\\/adresse\\\/\"},{\"@type\":\"ListItem\",\"position\":3,\"name\":\"Ateliers de M\u00e9ditation\"}]},{\"@type\":\"WebSite\",\"@id\":\"https:\\\/\\\/www.psychologies.be\\\/fr\\\/#website\",\"url\":\"https:\\\/\\\/www.psychologies.be\\\/fr\\\/\",\"name\":\"Psychologies Belgique\",\"description\":\"Psychologie, mieux se conna\u00eetre pour mieux vivre sa vie\",\"publisher\":{\"@id\":\"https:\\\/\\\/www.psychologies.be\\\/fr\\\/#organization\"},\"potentialAction\":[{\"@type\":\"SearchAction\",\"target\":{\"@type\":\"EntryPoint\",\"urlTemplate\":\"https:\\\/\\\/www.psychologies.be\\\/fr\\\/?s={search_term_string}\"},\"query-input\":{\"@type\":\"PropertyValueSpecification\",\"valueRequired\":true,\"valueName\":\"search_term_string\"}}],\"inLanguage\":\"fr-FR\"},{\"@type\":\"Organization\",\"@id\":\"https:\\\/\\\/www.psychologies.be\\\/fr\\\/#organization\",\"name\":\"Psychologies Belgique\",\"url\":\"https:\\\/\\\/www.psychologies.be\\\/fr\\\/\",\"logo\":{\"@type\":\"ImageObject\",\"inLanguage\":\"fr-FR\",\"@id\":\"https:\\\/\\\/www.psychologies.be\\\/fr\\\/#\\\/schema\\\/logo\\\/image\\\/\",\"url\":\"https:\\\/\\\/www.psychologies.be\\\/fr\\\/wp-content\\\/uploads\\\/2025\\\/03\\\/psychologies-be.png\",\"contentUrl\":\"https:\\\/\\\/www.psychologies.be\\\/fr\\\/wp-content\\\/uploads\\\/2025\\\/03\\\/psychologies-be.png\",\"width\":696,\"height\":696,\"caption\":\"Psychologies Belgique\"},\"image\":{\"@id\":\"https:\\\/\\\/www.psychologies.be\\\/fr\\\/#\\\/schema\\\/logo\\\/image\\\/\"},\"sameAs\":[\"https:\\\/\\\/www.facebook.com\\\/Psychologies\"]}]}<\/script>\n<!-- \/ Yoast SEO plugin. -->","yoast_head_json":{"title":"Ateliers de M\u00e9ditation | Psychologies Belgique","robots":{"index":"noindex","follow":"follow"},"og_locale":"fr_FR","og_type":"article","og_title":"Ateliers de M\u00e9ditation | Psychologies Belgique","og_url":"https:\/\/www.psychologies.be\/fr\/adresse\/ateliers-de-meditation\/","og_site_name":"Psychologies Belgique","article_publisher":"https:\/\/www.facebook.com\/Psychologies","article_modified_time":"2021-10-04T12:45:25+00:00","og_image":[{"width":690,"height":362,"url":"https:\/\/www.psychologies.be\/fr\/wp-content\/uploads\/2012\/09\/psycho_coverInfomedit.jpg","type":"image\/jpeg"}],"twitter_card":"summary_large_image","schema":{"@context":"https:\/\/schema.org","@graph":[{"@type":"WebPage","@id":"https:\/\/www.psychologies.be\/fr\/adresse\/ateliers-de-meditation\/","url":"https:\/\/www.psychologies.be\/fr\/adresse\/ateliers-de-meditation\/","name":"Ateliers de M\u00e9ditation | Psychologies Belgique","isPartOf":{"@id":"https:\/\/www.psychologies.be\/fr\/#website"},"primaryImageOfPage":{"@id":"https:\/\/www.psychologies.be\/fr\/adresse\/ateliers-de-meditation\/#primaryimage"},"image":{"@id":"https:\/\/www.psychologies.be\/fr\/adresse\/ateliers-de-meditation\/#primaryimage"},"thumbnailUrl":"https:\/\/www.psychologies.be\/fr\/wp-content\/uploads\/2012\/09\/psycho_coverInfomedit.jpg","datePublished":"2021-09-29T09:04:40+00:00","dateModified":"2021-10-04T12:45:25+00:00","breadcrumb":{"@id":"https:\/\/www.psychologies.be\/fr\/adresse\/ateliers-de-meditation\/#breadcrumb"},"inLanguage":"fr-FR","potentialAction":[{"@type":"ReadAction","target":["https:\/\/www.psychologies.be\/fr\/adresse\/ateliers-de-meditation\/"]}]},{"@type":"ImageObject","inLanguage":"fr-FR","@id":"https:\/\/www.psychologies.be\/fr\/adresse\/ateliers-de-meditation\/#primaryimage","url":"https:\/\/www.psychologies.be\/fr\/wp-content\/uploads\/2012\/09\/psycho_coverInfomedit.jpg","contentUrl":"https:\/\/www.psychologies.be\/fr\/wp-content\/uploads\/2012\/09\/psycho_coverInfomedit.jpg","width":690,"height":362},{"@type":"BreadcrumbList","@id":"https:\/\/www.psychologies.be\/fr\/adresse\/ateliers-de-meditation\/#breadcrumb","itemListElement":[{"@type":"ListItem","position":1,"name":"Home","item":"https:\/\/www.psychologies.be\/fr\/"},{"@type":"ListItem","position":2,"name":"Adresses","item":"https:\/\/www.psychologies.be\/fr\/adresse\/"},{"@type":"ListItem","position":3,"name":"Ateliers de M\u00e9ditation"}]},{"@type":"WebSite","@id":"https:\/\/www.psychologies.be\/fr\/#website","url":"https:\/\/www.psychologies.be\/fr\/","name":"Psychologies Belgique","description":"Psychologie, mieux se conna\u00eetre pour mieux vivre sa vie","publisher":{"@id":"https:\/\/www.psychologies.be\/fr\/#organization"},"potentialAction":[{"@type":"SearchAction","target":{"@type":"EntryPoint","urlTemplate":"https:\/\/www.psychologies.be\/fr\/?s={search_term_string}"},"query-input":{"@type":"PropertyValueSpecification","valueRequired":true,"valueName":"search_term_string"}}],"inLanguage":"fr-FR"},{"@type":"Organization","@id":"https:\/\/www.psychologies.be\/fr\/#organization","name":"Psychologies Belgique","url":"https:\/\/www.psychologies.be\/fr\/","logo":{"@type":"ImageObject","inLanguage":"fr-FR","@id":"https:\/\/www.psychologies.be\/fr\/#\/schema\/logo\/image\/","url":"https:\/\/www.psychologies.be\/fr\/wp-content\/uploads\/2025\/03\/psychologies-be.png","contentUrl":"https:\/\/www.psychologies.be\/fr\/wp-content\/uploads\/2025\/03\/psychologies-be.png","width":696,"height":696,"caption":"Psychologies Belgique"},"image":{"@id":"https:\/\/www.psychologies.be\/fr\/#\/schema\/logo\/image\/"},"sameAs":["https:\/\/www.facebook.com\/Psychologies"]}]}},"_links":{"self":[{"href":"https:\/\/www.psychologies.be\/fr\/wp-json\/wp\/v2\/adresses-api\/10144","targetHints":{"allow":["GET"]}}],"collection":[{"href":"https:\/\/www.psychologies.be\/fr\/wp-json\/wp\/v2\/adresses-api"}],"about":[{"href":"https:\/\/www.psychologies.be\/fr\/wp-json\/wp\/v2\/types\/adresse"}],"author":[{"embeddable":true,"href":"https:\/\/www.psychologies.be\/fr\/wp-json\/wp\/v2\/users\/5"}],"version-history":[{"count":0,"href":"https:\/\/www.psychologies.be\/fr\/wp-json\/wp\/v2\/adresses-api\/10144\/revisions"}],"wp:featuredmedia":[{"embeddable":true,"href":"https:\/\/www.psychologies.be\/fr\/wp-json\/wp\/v2\/media\/10148"}],"wp:attachment":[{"href":"https:\/\/www.psychologies.be\/fr\/wp-json\/wp\/v2\/media?parent=10144"}],"curies":[{"name":"wp","href":"https:\/\/api.w.org\/{rel}","templated":true}]}}