{"id":12933,"date":"2025-09-30T14:00:44","date_gmt":"2025-09-30T12:00:44","guid":{"rendered":"https:\/\/www.psychologies.be\/fr\/?post_type=adresse&#038;p=12933"},"modified":"2025-09-30T14:41:16","modified_gmt":"2025-09-30T12:41:16","slug":"psychedeliques-psychotherapies-et-spiritualite","status":"publish","type":"adresse","link":"https:\/\/www.psychologies.be\/fr\/adresse\/psychedeliques-psychotherapies-et-spiritualite\/","title":{"rendered":"Psych\u00e9d\u00e9liques, psychoth\u00e9rapies et spiritualit\u00e9"},"content":{"rendered":"","protected":false},"author":22,"featured_media":12934,"template":"","meta":{"_acf_changed":false,"footnotes":""},"class_list":["post-12933","adresse","type-adresse","status-publish","has-post-thumbnail","hentry","Categorie-approche-psycho-corporelle"],"acf":{"coeur":false,"random":true,"description":"<p><span style=\"font-weight: 400;\">Une rencontre vivante \u00e0 la crois\u00e9e des savoirs scientifiques, des traditions ancestrales et des pratiques th\u00e9rapeutiques contemporaines. Le congr\u00e8s sur les Psych\u00e9d\u00e9liques, psychoth\u00e9rapies et spiritualit\u00e9 se d\u00e9roulera \u00e0 Li\u00e8ge du 24 au 26 octobre. Il r\u00e9unira experts, praticiens et passionn\u00e9s pour discuter des intersections fascinantes entre ces domaines.\u00a0<\/span><\/p>\n<p>Une installation immersive en r\u00e9alit\u00e9 virtuelle : \u201cAyahuasca \u2013 Kosmic Journey\u201d de Jan Kounen au Mus\u00e9e Grand Curtius \u00e0 Li\u00e8ge du 24 octobre au 9 novembre 2025<\/p>\n<p><b>Infos pratiques\u00a0:<\/b><\/p>\n<p><span style=\"font-weight: 400;\">Du 24 au 26 octobre 2025<\/span><\/p>\n<p><span style=\"font-weight: 400;\">Lieu : La projection et toutes les conf\u00e9rences : Salle Noppius, Universit\u00e9 de Li\u00e8ge \u2013<\/span><\/p>\n<p><span style=\"font-weight: 400;\">Galerie Op\u00e9ra \u2013 Place de la R\u00e9publique Fran\u00e7aise, 4000 Li\u00e8ge<\/span><\/p>\n<p><span style=\"font-weight: 400;\">Horaires :<\/span><\/p>\n<ul>\n<li style=\"font-weight: 400;\" aria-level=\"1\"><span style=\"font-weight: 400;\">Le vendredi 24 octobre 2025 \u00e0 19h30 : Ouverture du congr\u00e8s &amp; projection du <\/span>documentaires in\u00e9dit (INRESS, l\u2019Inexplor\u00e9) \u2013 \u00ab La Sagesse interdite, le secret des psych\u00e9d\u00e9liques \u00bb<\/li>\n<li style=\"font-weight: 400;\" aria-level=\"1\"><span style=\"font-weight: 400;\">Le samedi 25 et dimanche 26 octobre 2025, de 8h30 \u00e0 17h30 : <\/span>5 conf\u00e9rences par jour<\/li>\n<\/ul>\n<p><span style=\"font-weight: 400;\">Site et inscription pour le congr\u00e8s : <\/span><a href=\"http:\/\/www.la-conscience.be\" target=\"_blank\" rel=\"noopener\"><span style=\"font-weight: 400;\">www.la-conscience.be<\/span><\/a><span style=\"font-weight: 400;\">\u00a0<\/span><\/p>\n","intro":"Le congr\u00e8s sur les Psych\u00e9d\u00e9liques, psychoth\u00e9rapies et spiritualit\u00e9 se d\u00e9roulera \u00e0 Li\u00e8ge du 24 au 26 octobre.","nom_societe":"Approches Transpersonnelles  ","adresse":"Salle Noppius, Universit\u00e9 de Li\u00e8ge \u2013  Galerie Op\u00e9ra \u2013 Place de la R\u00e9publique Fran\u00e7aise, 4000 Li\u00e8ge","site":"www.la-conscience.be\u00a0","lien_facebook":"","lien_instagram":"","telephone":"+32 485 93 76 39 ","email":"info@approches-transpersonnelles.be","image_verticale":12929,"gif":false,"url_video":"","date_de_creation":"","pages_vues_1_an":"","pages_vues_totale":"","status_updated":"","sessions_1_an":"","sessions_1_an_totale":"","date_suppression":"","code_spott_first_pic":"","number_impressions":"","lien_linkedin":""},"_yoast_wpseo_metadesc":"Le congr\u00e8s sur les Psych\u00e9d\u00e9liques, psychoth\u00e9rapies et spiritualit\u00e9 se d\u00e9roulera \u00e0 Li\u00e8ge du 24 au 26 octobre.","_yoast_wpseo_title":null,"yoast_head":"<!-- This site is optimized with the Yoast SEO plugin v27.3 - https:\/\/yoast.com\/product\/yoast-seo-wordpress\/ -->\n<title>Psych\u00e9d\u00e9liques, psychoth\u00e9rapies et spiritualit\u00e9 | Psychologies Belgique<\/title>\n<meta name=\"description\" content=\"Le congr\u00e8s sur les Psych\u00e9d\u00e9liques, psychoth\u00e9rapies et spiritualit\u00e9 se d\u00e9roulera \u00e0 Li\u00e8ge du 24 au 26 octobre.\" \/>\n<meta name=\"robots\" content=\"noindex, follow\" \/>\n<meta property=\"og:locale\" content=\"fr_FR\" \/>\n<meta property=\"og:type\" content=\"article\" \/>\n<meta property=\"og:title\" content=\"Psych\u00e9d\u00e9liques, psychoth\u00e9rapies et spiritualit\u00e9 | Psychologies Belgique\" \/>\n<meta property=\"og:description\" content=\"Le congr\u00e8s sur les Psych\u00e9d\u00e9liques, psychoth\u00e9rapies et spiritualit\u00e9 se d\u00e9roulera \u00e0 Li\u00e8ge du 24 au 26 octobre.\" \/>\n<meta property=\"og:url\" content=\"https:\/\/www.psychologies.be\/fr\/adresse\/psychedeliques-psychotherapies-et-spiritualite\/\" \/>\n<meta property=\"og:site_name\" content=\"Psychologies Belgique\" \/>\n<meta property=\"article:publisher\" content=\"https:\/\/www.facebook.com\/Psychologies\" \/>\n<meta property=\"article:modified_time\" content=\"2025-09-30T12:41:16+00:00\" \/>\n<meta property=\"og:image\" content=\"https:\/\/www.psychologies.be\/fr\/wp-content\/uploads\/2025\/06\/elle-1200x628-approchestranspersonnelles.png\" \/>\n\t<meta property=\"og:image:width\" content=\"1200\" \/>\n\t<meta property=\"og:image:height\" content=\"628\" \/>\n\t<meta property=\"og:image:type\" content=\"image\/png\" \/>\n<meta name=\"twitter:card\" content=\"summary_large_image\" \/>\n<meta name=\"twitter:label1\" content=\"Dur\u00e9e de lecture estim\u00e9e\" \/>\n\t<meta name=\"twitter:data1\" content=\"1 minute\" \/>\n<script type=\"application\/ld+json\" class=\"yoast-schema-graph\">{\"@context\":\"https:\\\/\\\/schema.org\",\"@graph\":[{\"@type\":\"WebPage\",\"@id\":\"https:\\\/\\\/www.psychologies.be\\\/fr\\\/adresse\\\/psychedeliques-psychotherapies-et-spiritualite\\\/\",\"url\":\"https:\\\/\\\/www.psychologies.be\\\/fr\\\/adresse\\\/psychedeliques-psychotherapies-et-spiritualite\\\/\",\"name\":\"Psych\u00e9d\u00e9liques, psychoth\u00e9rapies et spiritualit\u00e9 | Psychologies Belgique\",\"isPartOf\":{\"@id\":\"https:\\\/\\\/www.psychologies.be\\\/fr\\\/#website\"},\"primaryImageOfPage\":{\"@id\":\"https:\\\/\\\/www.psychologies.be\\\/fr\\\/adresse\\\/psychedeliques-psychotherapies-et-spiritualite\\\/#primaryimage\"},\"image\":{\"@id\":\"https:\\\/\\\/www.psychologies.be\\\/fr\\\/adresse\\\/psychedeliques-psychotherapies-et-spiritualite\\\/#primaryimage\"},\"thumbnailUrl\":\"https:\\\/\\\/www.psychologies.be\\\/fr\\\/wp-content\\\/uploads\\\/2025\\\/06\\\/elle-1200x628-approchestranspersonnelles.png\",\"datePublished\":\"2025-09-30T12:00:44+00:00\",\"dateModified\":\"2025-09-30T12:41:16+00:00\",\"description\":\"Le congr\u00e8s sur les Psych\u00e9d\u00e9liques, psychoth\u00e9rapies et spiritualit\u00e9 se d\u00e9roulera \u00e0 Li\u00e8ge du 24 au 26 octobre.\",\"breadcrumb\":{\"@id\":\"https:\\\/\\\/www.psychologies.be\\\/fr\\\/adresse\\\/psychedeliques-psychotherapies-et-spiritualite\\\/#breadcrumb\"},\"inLanguage\":\"fr-FR\",\"potentialAction\":[{\"@type\":\"ReadAction\",\"target\":[\"https:\\\/\\\/www.psychologies.be\\\/fr\\\/adresse\\\/psychedeliques-psychotherapies-et-spiritualite\\\/\"]}]},{\"@type\":\"ImageObject\",\"inLanguage\":\"fr-FR\",\"@id\":\"https:\\\/\\\/www.psychologies.be\\\/fr\\\/adresse\\\/psychedeliques-psychotherapies-et-spiritualite\\\/#primaryimage\",\"url\":\"https:\\\/\\\/www.psychologies.be\\\/fr\\\/wp-content\\\/uploads\\\/2025\\\/06\\\/elle-1200x628-approchestranspersonnelles.png\",\"contentUrl\":\"https:\\\/\\\/www.psychologies.be\\\/fr\\\/wp-content\\\/uploads\\\/2025\\\/06\\\/elle-1200x628-approchestranspersonnelles.png\",\"width\":1200,\"height\":628},{\"@type\":\"BreadcrumbList\",\"@id\":\"https:\\\/\\\/www.psychologies.be\\\/fr\\\/adresse\\\/psychedeliques-psychotherapies-et-spiritualite\\\/#breadcrumb\",\"itemListElement\":[{\"@type\":\"ListItem\",\"position\":1,\"name\":\"Home\",\"item\":\"https:\\\/\\\/www.psychologies.be\\\/fr\\\/\"},{\"@type\":\"ListItem\",\"position\":2,\"name\":\"Adresses\",\"item\":\"https:\\\/\\\/www.psychologies.be\\\/fr\\\/adresse\\\/\"},{\"@type\":\"ListItem\",\"position\":3,\"name\":\"Psych\u00e9d\u00e9liques, psychoth\u00e9rapies et spiritualit\u00e9\"}]},{\"@type\":\"WebSite\",\"@id\":\"https:\\\/\\\/www.psychologies.be\\\/fr\\\/#website\",\"url\":\"https:\\\/\\\/www.psychologies.be\\\/fr\\\/\",\"name\":\"Psychologies Belgique\",\"description\":\"Psychologie, mieux se conna\u00eetre pour mieux vivre sa vie\",\"publisher\":{\"@id\":\"https:\\\/\\\/www.psychologies.be\\\/fr\\\/#organization\"},\"potentialAction\":[{\"@type\":\"SearchAction\",\"target\":{\"@type\":\"EntryPoint\",\"urlTemplate\":\"https:\\\/\\\/www.psychologies.be\\\/fr\\\/?s={search_term_string}\"},\"query-input\":{\"@type\":\"PropertyValueSpecification\",\"valueRequired\":true,\"valueName\":\"search_term_string\"}}],\"inLanguage\":\"fr-FR\"},{\"@type\":\"Organization\",\"@id\":\"https:\\\/\\\/www.psychologies.be\\\/fr\\\/#organization\",\"name\":\"Psychologies Belgique\",\"url\":\"https:\\\/\\\/www.psychologies.be\\\/fr\\\/\",\"logo\":{\"@type\":\"ImageObject\",\"inLanguage\":\"fr-FR\",\"@id\":\"https:\\\/\\\/www.psychologies.be\\\/fr\\\/#\\\/schema\\\/logo\\\/image\\\/\",\"url\":\"https:\\\/\\\/www.psychologies.be\\\/fr\\\/wp-content\\\/uploads\\\/2025\\\/03\\\/psychologies-be.png\",\"contentUrl\":\"https:\\\/\\\/www.psychologies.be\\\/fr\\\/wp-content\\\/uploads\\\/2025\\\/03\\\/psychologies-be.png\",\"width\":696,\"height\":696,\"caption\":\"Psychologies Belgique\"},\"image\":{\"@id\":\"https:\\\/\\\/www.psychologies.be\\\/fr\\\/#\\\/schema\\\/logo\\\/image\\\/\"},\"sameAs\":[\"https:\\\/\\\/www.facebook.com\\\/Psychologies\"]}]}<\/script>\n<!-- \/ Yoast SEO plugin. -->","yoast_head_json":{"title":"Psych\u00e9d\u00e9liques, psychoth\u00e9rapies et spiritualit\u00e9 | Psychologies Belgique","description":"Le congr\u00e8s sur les Psych\u00e9d\u00e9liques, psychoth\u00e9rapies et spiritualit\u00e9 se d\u00e9roulera \u00e0 Li\u00e8ge du 24 au 26 octobre.","robots":{"index":"noindex","follow":"follow"},"og_locale":"fr_FR","og_type":"article","og_title":"Psych\u00e9d\u00e9liques, psychoth\u00e9rapies et spiritualit\u00e9 | Psychologies Belgique","og_description":"Le congr\u00e8s sur les Psych\u00e9d\u00e9liques, psychoth\u00e9rapies et spiritualit\u00e9 se d\u00e9roulera \u00e0 Li\u00e8ge du 24 au 26 octobre.","og_url":"https:\/\/www.psychologies.be\/fr\/adresse\/psychedeliques-psychotherapies-et-spiritualite\/","og_site_name":"Psychologies Belgique","article_publisher":"https:\/\/www.facebook.com\/Psychologies","article_modified_time":"2025-09-30T12:41:16+00:00","og_image":[{"width":1200,"height":628,"url":"https:\/\/www.psychologies.be\/fr\/wp-content\/uploads\/2025\/06\/elle-1200x628-approchestranspersonnelles.png","type":"image\/png"}],"twitter_card":"summary_large_image","twitter_misc":{"Dur\u00e9e de lecture estim\u00e9e":"1 minute"},"schema":{"@context":"https:\/\/schema.org","@graph":[{"@type":"WebPage","@id":"https:\/\/www.psychologies.be\/fr\/adresse\/psychedeliques-psychotherapies-et-spiritualite\/","url":"https:\/\/www.psychologies.be\/fr\/adresse\/psychedeliques-psychotherapies-et-spiritualite\/","name":"Psych\u00e9d\u00e9liques, psychoth\u00e9rapies et spiritualit\u00e9 | Psychologies Belgique","isPartOf":{"@id":"https:\/\/www.psychologies.be\/fr\/#website"},"primaryImageOfPage":{"@id":"https:\/\/www.psychologies.be\/fr\/adresse\/psychedeliques-psychotherapies-et-spiritualite\/#primaryimage"},"image":{"@id":"https:\/\/www.psychologies.be\/fr\/adresse\/psychedeliques-psychotherapies-et-spiritualite\/#primaryimage"},"thumbnailUrl":"https:\/\/www.psychologies.be\/fr\/wp-content\/uploads\/2025\/06\/elle-1200x628-approchestranspersonnelles.png","datePublished":"2025-09-30T12:00:44+00:00","dateModified":"2025-09-30T12:41:16+00:00","description":"Le congr\u00e8s sur les Psych\u00e9d\u00e9liques, psychoth\u00e9rapies et spiritualit\u00e9 se d\u00e9roulera \u00e0 Li\u00e8ge du 24 au 26 octobre.","breadcrumb":{"@id":"https:\/\/www.psychologies.be\/fr\/adresse\/psychedeliques-psychotherapies-et-spiritualite\/#breadcrumb"},"inLanguage":"fr-FR","potentialAction":[{"@type":"ReadAction","target":["https:\/\/www.psychologies.be\/fr\/adresse\/psychedeliques-psychotherapies-et-spiritualite\/"]}]},{"@type":"ImageObject","inLanguage":"fr-FR","@id":"https:\/\/www.psychologies.be\/fr\/adresse\/psychedeliques-psychotherapies-et-spiritualite\/#primaryimage","url":"https:\/\/www.psychologies.be\/fr\/wp-content\/uploads\/2025\/06\/elle-1200x628-approchestranspersonnelles.png","contentUrl":"https:\/\/www.psychologies.be\/fr\/wp-content\/uploads\/2025\/06\/elle-1200x628-approchestranspersonnelles.png","width":1200,"height":628},{"@type":"BreadcrumbList","@id":"https:\/\/www.psychologies.be\/fr\/adresse\/psychedeliques-psychotherapies-et-spiritualite\/#breadcrumb","itemListElement":[{"@type":"ListItem","position":1,"name":"Home","item":"https:\/\/www.psychologies.be\/fr\/"},{"@type":"ListItem","position":2,"name":"Adresses","item":"https:\/\/www.psychologies.be\/fr\/adresse\/"},{"@type":"ListItem","position":3,"name":"Psych\u00e9d\u00e9liques, psychoth\u00e9rapies et spiritualit\u00e9"}]},{"@type":"WebSite","@id":"https:\/\/www.psychologies.be\/fr\/#website","url":"https:\/\/www.psychologies.be\/fr\/","name":"Psychologies Belgique","description":"Psychologie, mieux se conna\u00eetre pour mieux vivre sa vie","publisher":{"@id":"https:\/\/www.psychologies.be\/fr\/#organization"},"potentialAction":[{"@type":"SearchAction","target":{"@type":"EntryPoint","urlTemplate":"https:\/\/www.psychologies.be\/fr\/?s={search_term_string}"},"query-input":{"@type":"PropertyValueSpecification","valueRequired":true,"valueName":"search_term_string"}}],"inLanguage":"fr-FR"},{"@type":"Organization","@id":"https:\/\/www.psychologies.be\/fr\/#organization","name":"Psychologies Belgique","url":"https:\/\/www.psychologies.be\/fr\/","logo":{"@type":"ImageObject","inLanguage":"fr-FR","@id":"https:\/\/www.psychologies.be\/fr\/#\/schema\/logo\/image\/","url":"https:\/\/www.psychologies.be\/fr\/wp-content\/uploads\/2025\/03\/psychologies-be.png","contentUrl":"https:\/\/www.psychologies.be\/fr\/wp-content\/uploads\/2025\/03\/psychologies-be.png","width":696,"height":696,"caption":"Psychologies Belgique"},"image":{"@id":"https:\/\/www.psychologies.be\/fr\/#\/schema\/logo\/image\/"},"sameAs":["https:\/\/www.facebook.com\/Psychologies"]}]}},"_links":{"self":[{"href":"https:\/\/www.psychologies.be\/fr\/wp-json\/wp\/v2\/adresses-api\/12933","targetHints":{"allow":["GET"]}}],"collection":[{"href":"https:\/\/www.psychologies.be\/fr\/wp-json\/wp\/v2\/adresses-api"}],"about":[{"href":"https:\/\/www.psychologies.be\/fr\/wp-json\/wp\/v2\/types\/adresse"}],"author":[{"embeddable":true,"href":"https:\/\/www.psychologies.be\/fr\/wp-json\/wp\/v2\/users\/22"}],"version-history":[{"count":4,"href":"https:\/\/www.psychologies.be\/fr\/wp-json\/wp\/v2\/adresses-api\/12933\/revisions"}],"predecessor-version":[{"id":13289,"href":"https:\/\/www.psychologies.be\/fr\/wp-json\/wp\/v2\/adresses-api\/12933\/revisions\/13289"}],"wp:featuredmedia":[{"embeddable":true,"href":"https:\/\/www.psychologies.be\/fr\/wp-json\/wp\/v2\/media\/12934"}],"wp:attachment":[{"href":"https:\/\/www.psychologies.be\/fr\/wp-json\/wp\/v2\/media?parent=12933"}],"curies":[{"name":"wp","href":"https:\/\/api.w.org\/{rel}","templated":true}]}}