{"id":12982,"date":"2025-08-27T07:00:05","date_gmt":"2025-08-27T05:00:05","guid":{"rendered":"https:\/\/www.psychologies.be\/fr\/?post_type=adresse&#038;p=12982"},"modified":"2025-09-09T12:21:57","modified_gmt":"2025-09-09T10:21:57","slug":"formation-professionnelle-de-kinesiologie","status":"publish","type":"adresse","link":"https:\/\/www.psychologies.be\/fr\/adresse\/formation-professionnelle-de-kinesiologie\/","title":{"rendered":"Formation professionnelle de kin\u00e9siologie"},"content":{"rendered":"","protected":false},"author":22,"featured_media":12987,"template":"","meta":{"_acf_changed":false,"footnotes":""},"class_list":["post-12982","adresse","type-adresse","status-publish","has-post-thumbnail","hentry","Categorie-centres-de-formations","Categorie-kinesiologie"],"acf":{"coeur":false,"random":true,"intro":"Depuis plus de 30 ans, Le Fil d\u2019Ariane forme les futur\u00b7e\u00b7s kin\u00e9siologues en leur proposant un enseignement structur\u00e9, rigoureux et profond\u00e9ment humain.","nom_societe":"Le Fil d\u2019Ariane asbl","adresse":"10 rue Quesval 5530 Spontin","site":"www.lefildariane.info","lien_facebook":"","lien_instagram":"","telephone":"0495 288 085 ou 0479 704 410","email":"secretariat@lefildariane.info","image_verticale":12988,"gif":false,"url_video":"","date_de_creation":"","pages_vues_1_an":"","pages_vues_totale":"","status_updated":"","sessions_1_an":"","sessions_1_an_totale":"","date_suppression":"","code_spott_first_pic":"","number_impressions":"","description":"<p data-start=\"202\" data-end=\"498\">Depuis plus de 30 ans, Le Fil d\u2019Ariane forme les futur\u00b7e\u00b7s kin\u00e9siologues en leur proposant un enseignement structur\u00e9, rigoureux et profond\u00e9ment humain. Fond\u00e9e en 1993, cette \u00e9cole pionni\u00e8re est la seule en Belgique \u00e0 se consacrer exclusivement \u00e0 l\u2019enseignement de la kin\u00e9siologie professionnelle.<\/p>\n<p data-start=\"500\" data-end=\"800\">Son approche p\u00e9dagogique repose sur l\u2019Ortho-Kin\u00e9siologie\u00a9, une synth\u00e8se des m\u00e9thodes les plus reconnues dans le domaine, et r\u00e9pond aux standards europ\u00e9ens de l\u2019enseignement sup\u00e9rieur gr\u00e2ce au syst\u00e8me d\u2019Unit\u00e9s d\u2019Acquis d\u2019Apprentissage d\u00e9clin\u00e9 en \u00ab Connaissances, Aptitudes et Comp\u00e9tences \u00bb.<\/p>\n<p data-start=\"500\" data-end=\"800\">Une nouvelle formation d\u00e9butera en octobre.<\/p>\n<h2 data-start=\"500\" data-end=\"800\">Portes ouvertes<\/h2>\n<p>Deux soir\u00e9es portes ouvertes sont pr\u00e9vues les vendredis 19 septembre et 3 octobre 2025, de 19h \u00e0 21h, au Centre Sportif For\u00eat de Soignes (chauss\u00e9e de Wavre 2057, 1160 Auderghem). L\u2019occasion de d\u00e9couvrir la formation et d\u2019\u00e9changer avec l\u2019\u00e9quipe p\u00e9dagogique.<\/p>\n<p><span style=\"font-weight: 400;\">Le point fort du Fil d&#8217;Ariane ? La certitude, une fois la formation entam\u00e9e, de parvenir au terme de celle-ci (608 heures reconnues par la F\u00e9d\u00e9ration Belge de Kin\u00e9siologie) sans interruption de leur part.<\/span><\/p>\n<p data-start=\"1381\" data-end=\"1483\">Inscription par e-mail obligatoire (en pr\u00e9cisant la date choisie) :<br data-start=\"1448\" data-end=\"1451\" \/><a class=\"cursor-pointer\" rel=\"noopener\" data-start=\"1454\" data-end=\"1483\">secretariat@lefildariane.info<\/a><\/p>\n<p data-start=\"1485\" data-end=\"1584\">Plus d\u2019informations :<br data-start=\"1506\" data-end=\"1509\" \/><a class=\"\" href=\"http:\/\/www.lefildariane.info\" target=\"_blank\" rel=\"noopener\" data-start=\"1512\" data-end=\"1565\">www.lefildariane.info<\/a><br data-start=\"1565\" data-end=\"1568\" \/>0495 28 80 85<\/p>\n","lien_linkedin":""},"_yoast_wpseo_metadesc":"Le Fil d\u2019Ariane forme les futur\u00b7e\u00b7s kin\u00e9siologues en leur proposant un enseignement structur\u00e9, rigoureux et profond\u00e9ment humain.","_yoast_wpseo_title":null,"yoast_head":"<!-- This site is optimized with the Yoast SEO plugin v27.3 - https:\/\/yoast.com\/product\/yoast-seo-wordpress\/ -->\n<title>Formation professionnelle de kin\u00e9siologie | Psychologies Belgique<\/title>\n<meta name=\"description\" content=\"Le Fil d\u2019Ariane forme les futur\u00b7e\u00b7s kin\u00e9siologues en leur proposant un enseignement structur\u00e9, rigoureux et profond\u00e9ment humain.\" \/>\n<meta name=\"robots\" content=\"noindex, follow\" \/>\n<meta property=\"og:locale\" content=\"fr_FR\" \/>\n<meta property=\"og:type\" content=\"article\" \/>\n<meta property=\"og:title\" content=\"Formation professionnelle de kin\u00e9siologie | Psychologies Belgique\" \/>\n<meta property=\"og:description\" content=\"Le Fil d\u2019Ariane forme les futur\u00b7e\u00b7s kin\u00e9siologues en leur proposant un enseignement structur\u00e9, rigoureux et profond\u00e9ment humain.\" \/>\n<meta property=\"og:url\" content=\"https:\/\/www.psychologies.be\/fr\/adresse\/formation-professionnelle-de-kinesiologie\/\" \/>\n<meta property=\"og:site_name\" content=\"Psychologies Belgique\" \/>\n<meta property=\"article:publisher\" content=\"https:\/\/www.facebook.com\/Psychologies\" \/>\n<meta property=\"article:modified_time\" content=\"2025-09-09T10:21:57+00:00\" \/>\n<meta property=\"og:image\" content=\"https:\/\/www.psychologies.be\/fr\/wp-content\/uploads\/2015\/06\/psycho-1200x628-lefildariane.png\" \/>\n\t<meta property=\"og:image:width\" content=\"1200\" \/>\n\t<meta property=\"og:image:height\" content=\"628\" \/>\n\t<meta property=\"og:image:type\" content=\"image\/png\" \/>\n<meta name=\"twitter:card\" content=\"summary_large_image\" \/>\n<meta name=\"twitter:label1\" content=\"Dur\u00e9e de lecture estim\u00e9e\" \/>\n\t<meta name=\"twitter:data1\" content=\"1 minute\" \/>\n<script type=\"application\/ld+json\" class=\"yoast-schema-graph\">{\"@context\":\"https:\\\/\\\/schema.org\",\"@graph\":[{\"@type\":\"WebPage\",\"@id\":\"https:\\\/\\\/www.psychologies.be\\\/fr\\\/adresse\\\/formation-professionnelle-de-kinesiologie\\\/\",\"url\":\"https:\\\/\\\/www.psychologies.be\\\/fr\\\/adresse\\\/formation-professionnelle-de-kinesiologie\\\/\",\"name\":\"Formation professionnelle de kin\u00e9siologie | Psychologies Belgique\",\"isPartOf\":{\"@id\":\"https:\\\/\\\/www.psychologies.be\\\/fr\\\/#website\"},\"primaryImageOfPage\":{\"@id\":\"https:\\\/\\\/www.psychologies.be\\\/fr\\\/adresse\\\/formation-professionnelle-de-kinesiologie\\\/#primaryimage\"},\"image\":{\"@id\":\"https:\\\/\\\/www.psychologies.be\\\/fr\\\/adresse\\\/formation-professionnelle-de-kinesiologie\\\/#primaryimage\"},\"thumbnailUrl\":\"https:\\\/\\\/www.psychologies.be\\\/fr\\\/wp-content\\\/uploads\\\/2015\\\/06\\\/psycho-1200x628-lefildariane.png\",\"datePublished\":\"2025-08-27T05:00:05+00:00\",\"dateModified\":\"2025-09-09T10:21:57+00:00\",\"description\":\"Le Fil d\u2019Ariane forme les futur\u00b7e\u00b7s kin\u00e9siologues en leur proposant un enseignement structur\u00e9, rigoureux et profond\u00e9ment humain.\",\"breadcrumb\":{\"@id\":\"https:\\\/\\\/www.psychologies.be\\\/fr\\\/adresse\\\/formation-professionnelle-de-kinesiologie\\\/#breadcrumb\"},\"inLanguage\":\"fr-FR\",\"potentialAction\":[{\"@type\":\"ReadAction\",\"target\":[\"https:\\\/\\\/www.psychologies.be\\\/fr\\\/adresse\\\/formation-professionnelle-de-kinesiologie\\\/\"]}]},{\"@type\":\"ImageObject\",\"inLanguage\":\"fr-FR\",\"@id\":\"https:\\\/\\\/www.psychologies.be\\\/fr\\\/adresse\\\/formation-professionnelle-de-kinesiologie\\\/#primaryimage\",\"url\":\"https:\\\/\\\/www.psychologies.be\\\/fr\\\/wp-content\\\/uploads\\\/2015\\\/06\\\/psycho-1200x628-lefildariane.png\",\"contentUrl\":\"https:\\\/\\\/www.psychologies.be\\\/fr\\\/wp-content\\\/uploads\\\/2015\\\/06\\\/psycho-1200x628-lefildariane.png\",\"width\":1200,\"height\":628,\"caption\":\"Adobe Stock\"},{\"@type\":\"BreadcrumbList\",\"@id\":\"https:\\\/\\\/www.psychologies.be\\\/fr\\\/adresse\\\/formation-professionnelle-de-kinesiologie\\\/#breadcrumb\",\"itemListElement\":[{\"@type\":\"ListItem\",\"position\":1,\"name\":\"Home\",\"item\":\"https:\\\/\\\/www.psychologies.be\\\/fr\\\/\"},{\"@type\":\"ListItem\",\"position\":2,\"name\":\"Adresses\",\"item\":\"https:\\\/\\\/www.psychologies.be\\\/fr\\\/adresse\\\/\"},{\"@type\":\"ListItem\",\"position\":3,\"name\":\"Formation professionnelle de kin\u00e9siologie\"}]},{\"@type\":\"WebSite\",\"@id\":\"https:\\\/\\\/www.psychologies.be\\\/fr\\\/#website\",\"url\":\"https:\\\/\\\/www.psychologies.be\\\/fr\\\/\",\"name\":\"Psychologies Belgique\",\"description\":\"Psychologie, mieux se conna\u00eetre pour mieux vivre sa vie\",\"publisher\":{\"@id\":\"https:\\\/\\\/www.psychologies.be\\\/fr\\\/#organization\"},\"potentialAction\":[{\"@type\":\"SearchAction\",\"target\":{\"@type\":\"EntryPoint\",\"urlTemplate\":\"https:\\\/\\\/www.psychologies.be\\\/fr\\\/?s={search_term_string}\"},\"query-input\":{\"@type\":\"PropertyValueSpecification\",\"valueRequired\":true,\"valueName\":\"search_term_string\"}}],\"inLanguage\":\"fr-FR\"},{\"@type\":\"Organization\",\"@id\":\"https:\\\/\\\/www.psychologies.be\\\/fr\\\/#organization\",\"name\":\"Psychologies Belgique\",\"url\":\"https:\\\/\\\/www.psychologies.be\\\/fr\\\/\",\"logo\":{\"@type\":\"ImageObject\",\"inLanguage\":\"fr-FR\",\"@id\":\"https:\\\/\\\/www.psychologies.be\\\/fr\\\/#\\\/schema\\\/logo\\\/image\\\/\",\"url\":\"https:\\\/\\\/www.psychologies.be\\\/fr\\\/wp-content\\\/uploads\\\/2025\\\/03\\\/psychologies-be.png\",\"contentUrl\":\"https:\\\/\\\/www.psychologies.be\\\/fr\\\/wp-content\\\/uploads\\\/2025\\\/03\\\/psychologies-be.png\",\"width\":696,\"height\":696,\"caption\":\"Psychologies Belgique\"},\"image\":{\"@id\":\"https:\\\/\\\/www.psychologies.be\\\/fr\\\/#\\\/schema\\\/logo\\\/image\\\/\"},\"sameAs\":[\"https:\\\/\\\/www.facebook.com\\\/Psychologies\"]}]}<\/script>\n<!-- \/ Yoast SEO plugin. -->","yoast_head_json":{"title":"Formation professionnelle de kin\u00e9siologie | Psychologies Belgique","description":"Le Fil d\u2019Ariane forme les futur\u00b7e\u00b7s kin\u00e9siologues en leur proposant un enseignement structur\u00e9, rigoureux et profond\u00e9ment humain.","robots":{"index":"noindex","follow":"follow"},"og_locale":"fr_FR","og_type":"article","og_title":"Formation professionnelle de kin\u00e9siologie | Psychologies Belgique","og_description":"Le Fil d\u2019Ariane forme les futur\u00b7e\u00b7s kin\u00e9siologues en leur proposant un enseignement structur\u00e9, rigoureux et profond\u00e9ment humain.","og_url":"https:\/\/www.psychologies.be\/fr\/adresse\/formation-professionnelle-de-kinesiologie\/","og_site_name":"Psychologies Belgique","article_publisher":"https:\/\/www.facebook.com\/Psychologies","article_modified_time":"2025-09-09T10:21:57+00:00","og_image":[{"width":1200,"height":628,"url":"https:\/\/www.psychologies.be\/fr\/wp-content\/uploads\/2015\/06\/psycho-1200x628-lefildariane.png","type":"image\/png"}],"twitter_card":"summary_large_image","twitter_misc":{"Dur\u00e9e de lecture estim\u00e9e":"1 minute"},"schema":{"@context":"https:\/\/schema.org","@graph":[{"@type":"WebPage","@id":"https:\/\/www.psychologies.be\/fr\/adresse\/formation-professionnelle-de-kinesiologie\/","url":"https:\/\/www.psychologies.be\/fr\/adresse\/formation-professionnelle-de-kinesiologie\/","name":"Formation professionnelle de kin\u00e9siologie | Psychologies Belgique","isPartOf":{"@id":"https:\/\/www.psychologies.be\/fr\/#website"},"primaryImageOfPage":{"@id":"https:\/\/www.psychologies.be\/fr\/adresse\/formation-professionnelle-de-kinesiologie\/#primaryimage"},"image":{"@id":"https:\/\/www.psychologies.be\/fr\/adresse\/formation-professionnelle-de-kinesiologie\/#primaryimage"},"thumbnailUrl":"https:\/\/www.psychologies.be\/fr\/wp-content\/uploads\/2015\/06\/psycho-1200x628-lefildariane.png","datePublished":"2025-08-27T05:00:05+00:00","dateModified":"2025-09-09T10:21:57+00:00","description":"Le Fil d\u2019Ariane forme les futur\u00b7e\u00b7s kin\u00e9siologues en leur proposant un enseignement structur\u00e9, rigoureux et profond\u00e9ment humain.","breadcrumb":{"@id":"https:\/\/www.psychologies.be\/fr\/adresse\/formation-professionnelle-de-kinesiologie\/#breadcrumb"},"inLanguage":"fr-FR","potentialAction":[{"@type":"ReadAction","target":["https:\/\/www.psychologies.be\/fr\/adresse\/formation-professionnelle-de-kinesiologie\/"]}]},{"@type":"ImageObject","inLanguage":"fr-FR","@id":"https:\/\/www.psychologies.be\/fr\/adresse\/formation-professionnelle-de-kinesiologie\/#primaryimage","url":"https:\/\/www.psychologies.be\/fr\/wp-content\/uploads\/2015\/06\/psycho-1200x628-lefildariane.png","contentUrl":"https:\/\/www.psychologies.be\/fr\/wp-content\/uploads\/2015\/06\/psycho-1200x628-lefildariane.png","width":1200,"height":628,"caption":"Adobe Stock"},{"@type":"BreadcrumbList","@id":"https:\/\/www.psychologies.be\/fr\/adresse\/formation-professionnelle-de-kinesiologie\/#breadcrumb","itemListElement":[{"@type":"ListItem","position":1,"name":"Home","item":"https:\/\/www.psychologies.be\/fr\/"},{"@type":"ListItem","position":2,"name":"Adresses","item":"https:\/\/www.psychologies.be\/fr\/adresse\/"},{"@type":"ListItem","position":3,"name":"Formation professionnelle de kin\u00e9siologie"}]},{"@type":"WebSite","@id":"https:\/\/www.psychologies.be\/fr\/#website","url":"https:\/\/www.psychologies.be\/fr\/","name":"Psychologies Belgique","description":"Psychologie, mieux se conna\u00eetre pour mieux vivre sa vie","publisher":{"@id":"https:\/\/www.psychologies.be\/fr\/#organization"},"potentialAction":[{"@type":"SearchAction","target":{"@type":"EntryPoint","urlTemplate":"https:\/\/www.psychologies.be\/fr\/?s={search_term_string}"},"query-input":{"@type":"PropertyValueSpecification","valueRequired":true,"valueName":"search_term_string"}}],"inLanguage":"fr-FR"},{"@type":"Organization","@id":"https:\/\/www.psychologies.be\/fr\/#organization","name":"Psychologies Belgique","url":"https:\/\/www.psychologies.be\/fr\/","logo":{"@type":"ImageObject","inLanguage":"fr-FR","@id":"https:\/\/www.psychologies.be\/fr\/#\/schema\/logo\/image\/","url":"https:\/\/www.psychologies.be\/fr\/wp-content\/uploads\/2025\/03\/psychologies-be.png","contentUrl":"https:\/\/www.psychologies.be\/fr\/wp-content\/uploads\/2025\/03\/psychologies-be.png","width":696,"height":696,"caption":"Psychologies Belgique"},"image":{"@id":"https:\/\/www.psychologies.be\/fr\/#\/schema\/logo\/image\/"},"sameAs":["https:\/\/www.facebook.com\/Psychologies"]}]}},"_links":{"self":[{"href":"https:\/\/www.psychologies.be\/fr\/wp-json\/wp\/v2\/adresses-api\/12982","targetHints":{"allow":["GET"]}}],"collection":[{"href":"https:\/\/www.psychologies.be\/fr\/wp-json\/wp\/v2\/adresses-api"}],"about":[{"href":"https:\/\/www.psychologies.be\/fr\/wp-json\/wp\/v2\/types\/adresse"}],"author":[{"embeddable":true,"href":"https:\/\/www.psychologies.be\/fr\/wp-json\/wp\/v2\/users\/22"}],"version-history":[{"count":7,"href":"https:\/\/www.psychologies.be\/fr\/wp-json\/wp\/v2\/adresses-api\/12982\/revisions"}],"predecessor-version":[{"id":13280,"href":"https:\/\/www.psychologies.be\/fr\/wp-json\/wp\/v2\/adresses-api\/12982\/revisions\/13280"}],"wp:featuredmedia":[{"embeddable":true,"href":"https:\/\/www.psychologies.be\/fr\/wp-json\/wp\/v2\/media\/12987"}],"wp:attachment":[{"href":"https:\/\/www.psychologies.be\/fr\/wp-json\/wp\/v2\/media?parent=12982"}],"curies":[{"name":"wp","href":"https:\/\/api.w.org\/{rel}","templated":true}]}}