{"id":6478,"date":"2019-01-08T10:46:16","date_gmt":"2019-01-08T09:46:16","guid":{"rendered":"http:\/\/www.psychologies.be\/com\/?post_type=adresse&#038;p=6478"},"modified":"2019-01-15T11:42:41","modified_gmt":"2019-01-15T10:42:41","slug":"larbre-de-vie-le-seminaire-de-toman-gireylo","status":"publish","type":"adresse","link":"https:\/\/www.psychologies.be\/fr\/adresse\/larbre-de-vie-le-seminaire-de-toman-gireylo\/","title":{"rendered":"S\u00e9minaire \u00ab Arbre de vie \u00bb d\u2019Arkady Petrov, anim\u00e9 par Roman Gireylo"},"content":{"rendered":"","protected":false},"author":22,"featured_media":6588,"template":"","meta":{"_acf_changed":false,"footnotes":""},"class_list":["post-6478","adresse","type-adresse","status-publish","has-post-thumbnail","hentry","Categorie-approche-psycho-corporelle"],"acf":{"coeur":false,"random":false,"description":"<p>Avoir une vie saine, harmonieuse et heureuse, augmenter ses capacit\u00e9s de clairvoyance, r\u00e9v\u00e9ler ses dons, c\u2019est ce \u00e0 quoi nous aspirons, poussant chacun(e) \u00e0 explorer et \u00e0 nourrir sa curiosit\u00e9. Au cours d\u2019un s\u00e9minaire abordant l\u2019approche th\u00e9orique et pratique de \u00ab L\u2019Arbre de vie \u00bb d\u2019Arkady Petrov, Roman Gireylo partage son exp\u00e9rience de ces techniques visant au mieux-\u00eatre.<\/p>\n<p>1er s\u00e9minaire\u00a0: du vendredi 25 au dimanche 27 janvier 2019 inclus, de 9h \u00e0 18h \u00e0 Vaalbeek.<\/p>\n","intro":"TEST","nom_societe":"","adresse":"European Center La Foresta vzw, Prosperdreef, 9 \u00e0 3054 VAALBEEK","site":"https:\/\/www.laforesta.be","lien_facebook":"","telephone":"+32 497 36 64 29","email":"info@soinsetsonsenconscience.be","number_impressions":""},"_yoast_wpseo_metadesc":null,"_yoast_wpseo_title":null,"yoast_head":"<!-- This site is optimized with the Yoast SEO plugin v27.3 - https:\/\/yoast.com\/product\/yoast-seo-wordpress\/ -->\n<title>S\u00e9minaire \u00ab Arbre de vie \u00bb d\u2019Arkady Petrov, anim\u00e9 par Roman Gireylo | Psychologies Belgique<\/title>\n<meta name=\"robots\" content=\"noindex, follow\" \/>\n<meta property=\"og:locale\" content=\"fr_FR\" \/>\n<meta property=\"og:type\" content=\"article\" \/>\n<meta property=\"og:title\" content=\"S\u00e9minaire \u00ab Arbre de vie \u00bb d\u2019Arkady Petrov, anim\u00e9 par Roman Gireylo | Psychologies Belgique\" \/>\n<meta property=\"og:url\" content=\"https:\/\/www.psychologies.be\/fr\/adresse\/larbre-de-vie-le-seminaire-de-toman-gireylo\/\" \/>\n<meta property=\"og:site_name\" content=\"Psychologies Belgique\" \/>\n<meta property=\"article:publisher\" content=\"https:\/\/www.facebook.com\/Psychologies\" \/>\n<meta property=\"article:modified_time\" content=\"2019-01-15T10:42:41+00:00\" \/>\n<meta property=\"og:image\" content=\"https:\/\/www.psychologies.be\/fr\/wp-content\/uploads\/2015\/12\/psycho_prosinat.jpg\" \/>\n\t<meta property=\"og:image:width\" content=\"690\" \/>\n\t<meta property=\"og:image:height\" content=\"362\" \/>\n\t<meta property=\"og:image:type\" content=\"image\/jpeg\" \/>\n<meta name=\"twitter:card\" content=\"summary_large_image\" \/>\n<script type=\"application\/ld+json\" class=\"yoast-schema-graph\">{\"@context\":\"https:\\\/\\\/schema.org\",\"@graph\":[{\"@type\":\"WebPage\",\"@id\":\"https:\\\/\\\/www.psychologies.be\\\/fr\\\/adresse\\\/larbre-de-vie-le-seminaire-de-toman-gireylo\\\/\",\"url\":\"https:\\\/\\\/www.psychologies.be\\\/fr\\\/adresse\\\/larbre-de-vie-le-seminaire-de-toman-gireylo\\\/\",\"name\":\"S\u00e9minaire \u00ab Arbre de vie \u00bb d\u2019Arkady Petrov, anim\u00e9 par Roman Gireylo | Psychologies Belgique\",\"isPartOf\":{\"@id\":\"https:\\\/\\\/www.psychologies.be\\\/fr\\\/#website\"},\"primaryImageOfPage\":{\"@id\":\"https:\\\/\\\/www.psychologies.be\\\/fr\\\/adresse\\\/larbre-de-vie-le-seminaire-de-toman-gireylo\\\/#primaryimage\"},\"image\":{\"@id\":\"https:\\\/\\\/www.psychologies.be\\\/fr\\\/adresse\\\/larbre-de-vie-le-seminaire-de-toman-gireylo\\\/#primaryimage\"},\"thumbnailUrl\":\"https:\\\/\\\/www.psychologies.be\\\/fr\\\/wp-content\\\/uploads\\\/2015\\\/12\\\/psycho_prosinat.jpg\",\"datePublished\":\"2019-01-08T09:46:16+00:00\",\"dateModified\":\"2019-01-15T10:42:41+00:00\",\"breadcrumb\":{\"@id\":\"https:\\\/\\\/www.psychologies.be\\\/fr\\\/adresse\\\/larbre-de-vie-le-seminaire-de-toman-gireylo\\\/#breadcrumb\"},\"inLanguage\":\"fr-FR\",\"potentialAction\":[{\"@type\":\"ReadAction\",\"target\":[\"https:\\\/\\\/www.psychologies.be\\\/fr\\\/adresse\\\/larbre-de-vie-le-seminaire-de-toman-gireylo\\\/\"]}]},{\"@type\":\"ImageObject\",\"inLanguage\":\"fr-FR\",\"@id\":\"https:\\\/\\\/www.psychologies.be\\\/fr\\\/adresse\\\/larbre-de-vie-le-seminaire-de-toman-gireylo\\\/#primaryimage\",\"url\":\"https:\\\/\\\/www.psychologies.be\\\/fr\\\/wp-content\\\/uploads\\\/2015\\\/12\\\/psycho_prosinat.jpg\",\"contentUrl\":\"https:\\\/\\\/www.psychologies.be\\\/fr\\\/wp-content\\\/uploads\\\/2015\\\/12\\\/psycho_prosinat.jpg\",\"width\":690,\"height\":362},{\"@type\":\"BreadcrumbList\",\"@id\":\"https:\\\/\\\/www.psychologies.be\\\/fr\\\/adresse\\\/larbre-de-vie-le-seminaire-de-toman-gireylo\\\/#breadcrumb\",\"itemListElement\":[{\"@type\":\"ListItem\",\"position\":1,\"name\":\"Home\",\"item\":\"https:\\\/\\\/www.psychologies.be\\\/fr\\\/\"},{\"@type\":\"ListItem\",\"position\":2,\"name\":\"Adresses\",\"item\":\"https:\\\/\\\/www.psychologies.be\\\/fr\\\/adresse\\\/\"},{\"@type\":\"ListItem\",\"position\":3,\"name\":\"S\u00e9minaire \u00ab Arbre de vie \u00bb d\u2019Arkady Petrov, anim\u00e9 par Roman Gireylo\"}]},{\"@type\":\"WebSite\",\"@id\":\"https:\\\/\\\/www.psychologies.be\\\/fr\\\/#website\",\"url\":\"https:\\\/\\\/www.psychologies.be\\\/fr\\\/\",\"name\":\"Psychologies Belgique\",\"description\":\"Psychologie, mieux se conna\u00eetre pour mieux vivre sa vie\",\"publisher\":{\"@id\":\"https:\\\/\\\/www.psychologies.be\\\/fr\\\/#organization\"},\"potentialAction\":[{\"@type\":\"SearchAction\",\"target\":{\"@type\":\"EntryPoint\",\"urlTemplate\":\"https:\\\/\\\/www.psychologies.be\\\/fr\\\/?s={search_term_string}\"},\"query-input\":{\"@type\":\"PropertyValueSpecification\",\"valueRequired\":true,\"valueName\":\"search_term_string\"}}],\"inLanguage\":\"fr-FR\"},{\"@type\":\"Organization\",\"@id\":\"https:\\\/\\\/www.psychologies.be\\\/fr\\\/#organization\",\"name\":\"Psychologies Belgique\",\"url\":\"https:\\\/\\\/www.psychologies.be\\\/fr\\\/\",\"logo\":{\"@type\":\"ImageObject\",\"inLanguage\":\"fr-FR\",\"@id\":\"https:\\\/\\\/www.psychologies.be\\\/fr\\\/#\\\/schema\\\/logo\\\/image\\\/\",\"url\":\"https:\\\/\\\/www.psychologies.be\\\/fr\\\/wp-content\\\/uploads\\\/2025\\\/03\\\/psychologies-be.png\",\"contentUrl\":\"https:\\\/\\\/www.psychologies.be\\\/fr\\\/wp-content\\\/uploads\\\/2025\\\/03\\\/psychologies-be.png\",\"width\":696,\"height\":696,\"caption\":\"Psychologies Belgique\"},\"image\":{\"@id\":\"https:\\\/\\\/www.psychologies.be\\\/fr\\\/#\\\/schema\\\/logo\\\/image\\\/\"},\"sameAs\":[\"https:\\\/\\\/www.facebook.com\\\/Psychologies\"]}]}<\/script>\n<!-- \/ Yoast SEO plugin. -->","yoast_head_json":{"title":"S\u00e9minaire \u00ab Arbre de vie \u00bb d\u2019Arkady Petrov, anim\u00e9 par Roman Gireylo | Psychologies Belgique","robots":{"index":"noindex","follow":"follow"},"og_locale":"fr_FR","og_type":"article","og_title":"S\u00e9minaire \u00ab Arbre de vie \u00bb d\u2019Arkady Petrov, anim\u00e9 par Roman Gireylo | Psychologies Belgique","og_url":"https:\/\/www.psychologies.be\/fr\/adresse\/larbre-de-vie-le-seminaire-de-toman-gireylo\/","og_site_name":"Psychologies Belgique","article_publisher":"https:\/\/www.facebook.com\/Psychologies","article_modified_time":"2019-01-15T10:42:41+00:00","og_image":[{"width":690,"height":362,"url":"https:\/\/www.psychologies.be\/fr\/wp-content\/uploads\/2015\/12\/psycho_prosinat.jpg","type":"image\/jpeg"}],"twitter_card":"summary_large_image","schema":{"@context":"https:\/\/schema.org","@graph":[{"@type":"WebPage","@id":"https:\/\/www.psychologies.be\/fr\/adresse\/larbre-de-vie-le-seminaire-de-toman-gireylo\/","url":"https:\/\/www.psychologies.be\/fr\/adresse\/larbre-de-vie-le-seminaire-de-toman-gireylo\/","name":"S\u00e9minaire \u00ab Arbre de vie \u00bb d\u2019Arkady Petrov, anim\u00e9 par Roman Gireylo | Psychologies Belgique","isPartOf":{"@id":"https:\/\/www.psychologies.be\/fr\/#website"},"primaryImageOfPage":{"@id":"https:\/\/www.psychologies.be\/fr\/adresse\/larbre-de-vie-le-seminaire-de-toman-gireylo\/#primaryimage"},"image":{"@id":"https:\/\/www.psychologies.be\/fr\/adresse\/larbre-de-vie-le-seminaire-de-toman-gireylo\/#primaryimage"},"thumbnailUrl":"https:\/\/www.psychologies.be\/fr\/wp-content\/uploads\/2015\/12\/psycho_prosinat.jpg","datePublished":"2019-01-08T09:46:16+00:00","dateModified":"2019-01-15T10:42:41+00:00","breadcrumb":{"@id":"https:\/\/www.psychologies.be\/fr\/adresse\/larbre-de-vie-le-seminaire-de-toman-gireylo\/#breadcrumb"},"inLanguage":"fr-FR","potentialAction":[{"@type":"ReadAction","target":["https:\/\/www.psychologies.be\/fr\/adresse\/larbre-de-vie-le-seminaire-de-toman-gireylo\/"]}]},{"@type":"ImageObject","inLanguage":"fr-FR","@id":"https:\/\/www.psychologies.be\/fr\/adresse\/larbre-de-vie-le-seminaire-de-toman-gireylo\/#primaryimage","url":"https:\/\/www.psychologies.be\/fr\/wp-content\/uploads\/2015\/12\/psycho_prosinat.jpg","contentUrl":"https:\/\/www.psychologies.be\/fr\/wp-content\/uploads\/2015\/12\/psycho_prosinat.jpg","width":690,"height":362},{"@type":"BreadcrumbList","@id":"https:\/\/www.psychologies.be\/fr\/adresse\/larbre-de-vie-le-seminaire-de-toman-gireylo\/#breadcrumb","itemListElement":[{"@type":"ListItem","position":1,"name":"Home","item":"https:\/\/www.psychologies.be\/fr\/"},{"@type":"ListItem","position":2,"name":"Adresses","item":"https:\/\/www.psychologies.be\/fr\/adresse\/"},{"@type":"ListItem","position":3,"name":"S\u00e9minaire \u00ab Arbre de vie \u00bb d\u2019Arkady Petrov, anim\u00e9 par Roman Gireylo"}]},{"@type":"WebSite","@id":"https:\/\/www.psychologies.be\/fr\/#website","url":"https:\/\/www.psychologies.be\/fr\/","name":"Psychologies Belgique","description":"Psychologie, mieux se conna\u00eetre pour mieux vivre sa vie","publisher":{"@id":"https:\/\/www.psychologies.be\/fr\/#organization"},"potentialAction":[{"@type":"SearchAction","target":{"@type":"EntryPoint","urlTemplate":"https:\/\/www.psychologies.be\/fr\/?s={search_term_string}"},"query-input":{"@type":"PropertyValueSpecification","valueRequired":true,"valueName":"search_term_string"}}],"inLanguage":"fr-FR"},{"@type":"Organization","@id":"https:\/\/www.psychologies.be\/fr\/#organization","name":"Psychologies Belgique","url":"https:\/\/www.psychologies.be\/fr\/","logo":{"@type":"ImageObject","inLanguage":"fr-FR","@id":"https:\/\/www.psychologies.be\/fr\/#\/schema\/logo\/image\/","url":"https:\/\/www.psychologies.be\/fr\/wp-content\/uploads\/2025\/03\/psychologies-be.png","contentUrl":"https:\/\/www.psychologies.be\/fr\/wp-content\/uploads\/2025\/03\/psychologies-be.png","width":696,"height":696,"caption":"Psychologies Belgique"},"image":{"@id":"https:\/\/www.psychologies.be\/fr\/#\/schema\/logo\/image\/"},"sameAs":["https:\/\/www.facebook.com\/Psychologies"]}]}},"_links":{"self":[{"href":"https:\/\/www.psychologies.be\/fr\/wp-json\/wp\/v2\/adresses-api\/6478","targetHints":{"allow":["GET"]}}],"collection":[{"href":"https:\/\/www.psychologies.be\/fr\/wp-json\/wp\/v2\/adresses-api"}],"about":[{"href":"https:\/\/www.psychologies.be\/fr\/wp-json\/wp\/v2\/types\/adresse"}],"author":[{"embeddable":true,"href":"https:\/\/www.psychologies.be\/fr\/wp-json\/wp\/v2\/users\/22"}],"version-history":[{"count":0,"href":"https:\/\/www.psychologies.be\/fr\/wp-json\/wp\/v2\/adresses-api\/6478\/revisions"}],"wp:featuredmedia":[{"embeddable":true,"href":"https:\/\/www.psychologies.be\/fr\/wp-json\/wp\/v2\/media\/6588"}],"wp:attachment":[{"href":"https:\/\/www.psychologies.be\/fr\/wp-json\/wp\/v2\/media?parent=6478"}],"curies":[{"name":"wp","href":"https:\/\/api.w.org\/{rel}","templated":true}]}}