{"id":7451,"date":"2019-06-11T13:47:58","date_gmt":"2019-06-11T11:47:58","guid":{"rendered":"http:\/\/www.psychologies.be\/com\/?post_type=adresse&#038;p=7451"},"modified":"2019-10-18T14:16:20","modified_gmt":"2019-10-18T12:16:20","slug":"liberation-du-karma-personnel-avec-genevieve-fink","status":"publish","type":"adresse","link":"https:\/\/www.psychologies.be\/fr\/adresse\/liberation-du-karma-personnel-avec-genevieve-fink\/","title":{"rendered":"Lib\u00e9ration du karma personnel avec Genevi\u00e8ve Fink"},"content":{"rendered":"","protected":false},"author":22,"featured_media":7452,"template":"","meta":{"_acf_changed":false,"footnotes":""},"class_list":["post-7451","adresse","type-adresse","status-publish","has-post-thumbnail","hentry","Categorie-approche-psycho-corporelle"],"acf":{"coeur":false,"random":false,"description":"<p>Nous vivons de grands changements tant sur le plan personnel que collectif et plan\u00e9taire. Dans ces temps de grandes mouvances, nous contactons beaucoup d\u2019\u00e9nergies qui sont lib\u00e9r\u00e9es de notre inconscient et d\u2019autres espaces temps amenant parfois des \u00e9nergies parasitaires qui nous emp\u00eachent d\u2019\u00eatre et d\u2019avancer. Nous sommes tous responsables de notre bien-\u00eatre et de ce que nous avons cr\u00e9\u00e9 et, parfois d\u00e9sagr\u00e9able, dans notre vie et nos vies pass\u00e9es.<\/p>\n<p>\u00catre responsable de son bien-\u00eatre. Se reconnecter \u00e0 son coeur. S&#8217;enraciner dans sa vie. Vivre la joie de l&#8217;instant pr\u00e9sent. C&#8217;est ce que Genevi\u00e8ve Fink propose lors de rendez-vous et ce gr\u00e2ce \u00e0 des m\u00e9thodes simples et efficaces.<\/p>\n<p>D\u00e9couvrez-les <a href=\"https:\/\/www.genevieve-fink.be\/\" target=\"_blank\" rel=\"noopener\">ici<\/a>.<\/p>\n","intro":"La Source de toute vie est votre P\u00e8re Cr\u00e9ateur de tout ce qui est, votre conscience sup\u00e9rieure, elle est d'ordre \u00e9lectrique, de registre masculin, elle engendre toutes vies anim\u00e9es et inanim\u00e9es.","nom_societe":"Genevi\u00e8ve Fink","adresse":"7 Clos des N\u00e9fiers, 1310 La Hulpe","site":"https:\/\/www.genevieve-fink.be","lien_facebook":"https:\/\/www.facebook.com\/genevieve.fink.kinesiologue","telephone":"+32 (0)479\/41.36.36","email":"genevieve.fink@gmail.com","number_impressions":""},"_yoast_wpseo_metadesc":null,"_yoast_wpseo_title":null,"yoast_head":"<!-- This site is optimized with the Yoast SEO plugin v27.3 - https:\/\/yoast.com\/product\/yoast-seo-wordpress\/ -->\n<title>Lib\u00e9ration du karma personnel avec Genevi\u00e8ve Fink | Psychologies Belgique<\/title>\n<meta name=\"robots\" content=\"noindex, follow\" \/>\n<meta property=\"og:locale\" content=\"fr_FR\" \/>\n<meta property=\"og:type\" content=\"article\" \/>\n<meta property=\"og:title\" content=\"Lib\u00e9ration du karma personnel avec Genevi\u00e8ve Fink | Psychologies Belgique\" \/>\n<meta property=\"og:url\" content=\"https:\/\/www.psychologies.be\/fr\/adresse\/liberation-du-karma-personnel-avec-genevieve-fink\/\" \/>\n<meta property=\"og:site_name\" content=\"Psychologies Belgique\" \/>\n<meta property=\"article:publisher\" content=\"https:\/\/www.facebook.com\/Psychologies\" \/>\n<meta property=\"article:modified_time\" content=\"2019-10-18T12:16:20+00:00\" \/>\n<meta property=\"og:image\" content=\"https:\/\/www.psychologies.be\/fr\/wp-content\/uploads\/2019\/06\/photo-1500904156668-758cff89dcff-1.jpeg\" \/>\n\t<meta property=\"og:image:width\" content=\"1350\" \/>\n\t<meta property=\"og:image:height\" content=\"900\" \/>\n\t<meta property=\"og:image:type\" content=\"image\/jpeg\" \/>\n<meta name=\"twitter:card\" content=\"summary_large_image\" \/>\n<script type=\"application\/ld+json\" class=\"yoast-schema-graph\">{\"@context\":\"https:\\\/\\\/schema.org\",\"@graph\":[{\"@type\":\"WebPage\",\"@id\":\"https:\\\/\\\/www.psychologies.be\\\/fr\\\/adresse\\\/liberation-du-karma-personnel-avec-genevieve-fink\\\/\",\"url\":\"https:\\\/\\\/www.psychologies.be\\\/fr\\\/adresse\\\/liberation-du-karma-personnel-avec-genevieve-fink\\\/\",\"name\":\"Lib\u00e9ration du karma personnel avec Genevi\u00e8ve Fink | Psychologies Belgique\",\"isPartOf\":{\"@id\":\"https:\\\/\\\/www.psychologies.be\\\/fr\\\/#website\"},\"primaryImageOfPage\":{\"@id\":\"https:\\\/\\\/www.psychologies.be\\\/fr\\\/adresse\\\/liberation-du-karma-personnel-avec-genevieve-fink\\\/#primaryimage\"},\"image\":{\"@id\":\"https:\\\/\\\/www.psychologies.be\\\/fr\\\/adresse\\\/liberation-du-karma-personnel-avec-genevieve-fink\\\/#primaryimage\"},\"thumbnailUrl\":\"https:\\\/\\\/www.psychologies.be\\\/fr\\\/wp-content\\\/uploads\\\/2019\\\/06\\\/photo-1500904156668-758cff89dcff-1.jpeg\",\"datePublished\":\"2019-06-11T11:47:58+00:00\",\"dateModified\":\"2019-10-18T12:16:20+00:00\",\"breadcrumb\":{\"@id\":\"https:\\\/\\\/www.psychologies.be\\\/fr\\\/adresse\\\/liberation-du-karma-personnel-avec-genevieve-fink\\\/#breadcrumb\"},\"inLanguage\":\"fr-FR\",\"potentialAction\":[{\"@type\":\"ReadAction\",\"target\":[\"https:\\\/\\\/www.psychologies.be\\\/fr\\\/adresse\\\/liberation-du-karma-personnel-avec-genevieve-fink\\\/\"]}]},{\"@type\":\"ImageObject\",\"inLanguage\":\"fr-FR\",\"@id\":\"https:\\\/\\\/www.psychologies.be\\\/fr\\\/adresse\\\/liberation-du-karma-personnel-avec-genevieve-fink\\\/#primaryimage\",\"url\":\"https:\\\/\\\/www.psychologies.be\\\/fr\\\/wp-content\\\/uploads\\\/2019\\\/06\\\/photo-1500904156668-758cff89dcff-1.jpeg\",\"contentUrl\":\"https:\\\/\\\/www.psychologies.be\\\/fr\\\/wp-content\\\/uploads\\\/2019\\\/06\\\/photo-1500904156668-758cff89dcff-1.jpeg\",\"width\":1350,\"height\":900,\"caption\":\"pscyhofink\"},{\"@type\":\"BreadcrumbList\",\"@id\":\"https:\\\/\\\/www.psychologies.be\\\/fr\\\/adresse\\\/liberation-du-karma-personnel-avec-genevieve-fink\\\/#breadcrumb\",\"itemListElement\":[{\"@type\":\"ListItem\",\"position\":1,\"name\":\"Home\",\"item\":\"https:\\\/\\\/www.psychologies.be\\\/fr\\\/\"},{\"@type\":\"ListItem\",\"position\":2,\"name\":\"Adresses\",\"item\":\"https:\\\/\\\/www.psychologies.be\\\/fr\\\/adresse\\\/\"},{\"@type\":\"ListItem\",\"position\":3,\"name\":\"Lib\u00e9ration du karma personnel avec Genevi\u00e8ve Fink\"}]},{\"@type\":\"WebSite\",\"@id\":\"https:\\\/\\\/www.psychologies.be\\\/fr\\\/#website\",\"url\":\"https:\\\/\\\/www.psychologies.be\\\/fr\\\/\",\"name\":\"Psychologies Belgique\",\"description\":\"Psychologie, mieux se conna\u00eetre pour mieux vivre sa vie\",\"publisher\":{\"@id\":\"https:\\\/\\\/www.psychologies.be\\\/fr\\\/#organization\"},\"potentialAction\":[{\"@type\":\"SearchAction\",\"target\":{\"@type\":\"EntryPoint\",\"urlTemplate\":\"https:\\\/\\\/www.psychologies.be\\\/fr\\\/?s={search_term_string}\"},\"query-input\":{\"@type\":\"PropertyValueSpecification\",\"valueRequired\":true,\"valueName\":\"search_term_string\"}}],\"inLanguage\":\"fr-FR\"},{\"@type\":\"Organization\",\"@id\":\"https:\\\/\\\/www.psychologies.be\\\/fr\\\/#organization\",\"name\":\"Psychologies Belgique\",\"url\":\"https:\\\/\\\/www.psychologies.be\\\/fr\\\/\",\"logo\":{\"@type\":\"ImageObject\",\"inLanguage\":\"fr-FR\",\"@id\":\"https:\\\/\\\/www.psychologies.be\\\/fr\\\/#\\\/schema\\\/logo\\\/image\\\/\",\"url\":\"https:\\\/\\\/www.psychologies.be\\\/fr\\\/wp-content\\\/uploads\\\/2025\\\/03\\\/psychologies-be.png\",\"contentUrl\":\"https:\\\/\\\/www.psychologies.be\\\/fr\\\/wp-content\\\/uploads\\\/2025\\\/03\\\/psychologies-be.png\",\"width\":696,\"height\":696,\"caption\":\"Psychologies Belgique\"},\"image\":{\"@id\":\"https:\\\/\\\/www.psychologies.be\\\/fr\\\/#\\\/schema\\\/logo\\\/image\\\/\"},\"sameAs\":[\"https:\\\/\\\/www.facebook.com\\\/Psychologies\"]}]}<\/script>\n<!-- \/ Yoast SEO plugin. -->","yoast_head_json":{"title":"Lib\u00e9ration du karma personnel avec Genevi\u00e8ve Fink | Psychologies Belgique","robots":{"index":"noindex","follow":"follow"},"og_locale":"fr_FR","og_type":"article","og_title":"Lib\u00e9ration du karma personnel avec Genevi\u00e8ve Fink | Psychologies Belgique","og_url":"https:\/\/www.psychologies.be\/fr\/adresse\/liberation-du-karma-personnel-avec-genevieve-fink\/","og_site_name":"Psychologies Belgique","article_publisher":"https:\/\/www.facebook.com\/Psychologies","article_modified_time":"2019-10-18T12:16:20+00:00","og_image":[{"width":1350,"height":900,"url":"https:\/\/www.psychologies.be\/fr\/wp-content\/uploads\/2019\/06\/photo-1500904156668-758cff89dcff-1.jpeg","type":"image\/jpeg"}],"twitter_card":"summary_large_image","schema":{"@context":"https:\/\/schema.org","@graph":[{"@type":"WebPage","@id":"https:\/\/www.psychologies.be\/fr\/adresse\/liberation-du-karma-personnel-avec-genevieve-fink\/","url":"https:\/\/www.psychologies.be\/fr\/adresse\/liberation-du-karma-personnel-avec-genevieve-fink\/","name":"Lib\u00e9ration du karma personnel avec Genevi\u00e8ve Fink | Psychologies Belgique","isPartOf":{"@id":"https:\/\/www.psychologies.be\/fr\/#website"},"primaryImageOfPage":{"@id":"https:\/\/www.psychologies.be\/fr\/adresse\/liberation-du-karma-personnel-avec-genevieve-fink\/#primaryimage"},"image":{"@id":"https:\/\/www.psychologies.be\/fr\/adresse\/liberation-du-karma-personnel-avec-genevieve-fink\/#primaryimage"},"thumbnailUrl":"https:\/\/www.psychologies.be\/fr\/wp-content\/uploads\/2019\/06\/photo-1500904156668-758cff89dcff-1.jpeg","datePublished":"2019-06-11T11:47:58+00:00","dateModified":"2019-10-18T12:16:20+00:00","breadcrumb":{"@id":"https:\/\/www.psychologies.be\/fr\/adresse\/liberation-du-karma-personnel-avec-genevieve-fink\/#breadcrumb"},"inLanguage":"fr-FR","potentialAction":[{"@type":"ReadAction","target":["https:\/\/www.psychologies.be\/fr\/adresse\/liberation-du-karma-personnel-avec-genevieve-fink\/"]}]},{"@type":"ImageObject","inLanguage":"fr-FR","@id":"https:\/\/www.psychologies.be\/fr\/adresse\/liberation-du-karma-personnel-avec-genevieve-fink\/#primaryimage","url":"https:\/\/www.psychologies.be\/fr\/wp-content\/uploads\/2019\/06\/photo-1500904156668-758cff89dcff-1.jpeg","contentUrl":"https:\/\/www.psychologies.be\/fr\/wp-content\/uploads\/2019\/06\/photo-1500904156668-758cff89dcff-1.jpeg","width":1350,"height":900,"caption":"pscyhofink"},{"@type":"BreadcrumbList","@id":"https:\/\/www.psychologies.be\/fr\/adresse\/liberation-du-karma-personnel-avec-genevieve-fink\/#breadcrumb","itemListElement":[{"@type":"ListItem","position":1,"name":"Home","item":"https:\/\/www.psychologies.be\/fr\/"},{"@type":"ListItem","position":2,"name":"Adresses","item":"https:\/\/www.psychologies.be\/fr\/adresse\/"},{"@type":"ListItem","position":3,"name":"Lib\u00e9ration du karma personnel avec Genevi\u00e8ve Fink"}]},{"@type":"WebSite","@id":"https:\/\/www.psychologies.be\/fr\/#website","url":"https:\/\/www.psychologies.be\/fr\/","name":"Psychologies Belgique","description":"Psychologie, mieux se conna\u00eetre pour mieux vivre sa vie","publisher":{"@id":"https:\/\/www.psychologies.be\/fr\/#organization"},"potentialAction":[{"@type":"SearchAction","target":{"@type":"EntryPoint","urlTemplate":"https:\/\/www.psychologies.be\/fr\/?s={search_term_string}"},"query-input":{"@type":"PropertyValueSpecification","valueRequired":true,"valueName":"search_term_string"}}],"inLanguage":"fr-FR"},{"@type":"Organization","@id":"https:\/\/www.psychologies.be\/fr\/#organization","name":"Psychologies Belgique","url":"https:\/\/www.psychologies.be\/fr\/","logo":{"@type":"ImageObject","inLanguage":"fr-FR","@id":"https:\/\/www.psychologies.be\/fr\/#\/schema\/logo\/image\/","url":"https:\/\/www.psychologies.be\/fr\/wp-content\/uploads\/2025\/03\/psychologies-be.png","contentUrl":"https:\/\/www.psychologies.be\/fr\/wp-content\/uploads\/2025\/03\/psychologies-be.png","width":696,"height":696,"caption":"Psychologies Belgique"},"image":{"@id":"https:\/\/www.psychologies.be\/fr\/#\/schema\/logo\/image\/"},"sameAs":["https:\/\/www.facebook.com\/Psychologies"]}]}},"_links":{"self":[{"href":"https:\/\/www.psychologies.be\/fr\/wp-json\/wp\/v2\/adresses-api\/7451","targetHints":{"allow":["GET"]}}],"collection":[{"href":"https:\/\/www.psychologies.be\/fr\/wp-json\/wp\/v2\/adresses-api"}],"about":[{"href":"https:\/\/www.psychologies.be\/fr\/wp-json\/wp\/v2\/types\/adresse"}],"author":[{"embeddable":true,"href":"https:\/\/www.psychologies.be\/fr\/wp-json\/wp\/v2\/users\/22"}],"version-history":[{"count":0,"href":"https:\/\/www.psychologies.be\/fr\/wp-json\/wp\/v2\/adresses-api\/7451\/revisions"}],"wp:featuredmedia":[{"embeddable":true,"href":"https:\/\/www.psychologies.be\/fr\/wp-json\/wp\/v2\/media\/7452"}],"wp:attachment":[{"href":"https:\/\/www.psychologies.be\/fr\/wp-json\/wp\/v2\/media?parent=7451"}],"curies":[{"name":"wp","href":"https:\/\/api.w.org\/{rel}","templated":true}]}}