{"id":8001,"date":"2019-10-28T12:56:16","date_gmt":"2019-10-28T11:56:16","guid":{"rendered":"http:\/\/www.psychologies.be\/com\/?post_type=adresse&#038;p=8001"},"modified":"2019-12-06T15:06:18","modified_gmt":"2019-12-06T14:06:18","slug":"lespace-mieux-etre-un-endroit-pour-se-developper-personnellement","status":"publish","type":"adresse","link":"https:\/\/www.psychologies.be\/fr\/adresse\/lespace-mieux-etre-un-endroit-pour-se-developper-personnellement\/","title":{"rendered":"L\u2019Espace Mieux-\u00catre : un endroit pour se d\u00e9velopper personnellement"},"content":{"rendered":"","protected":false},"author":22,"featured_media":8002,"template":"","meta":{"_acf_changed":false,"footnotes":""},"class_list":["post-8001","adresse","type-adresse","status-publish","has-post-thumbnail","hentry","Categorie-approche-psycho-corporelle"],"acf":{"coeur":false,"random":false,"description":"<p><strong>\u00c0 Villers-La-Ville, d\u00e9couvrez cet espace de coaching qui conjugue ateliers de d\u00e9veloppement personnel et accompagnement personnalis\u00e9 pour vous aider \u00e0 retrouver joie et s\u00e9r\u00e9nit\u00e9.<\/strong><\/p>\n<p>Probl\u00e8mes conjugaux, professionnels, personnels\u2026 parce qu\u2019il est parfois n\u00e9cessaire de demander un coup de pouce ext\u00e9rieur et se faire coacher pour amorcer un changement important dans votre vie, C\u00e9cile Callewaert a ouvert L\u2019Espace Mieux-\u00catre. Situ\u00e9 dans le Brabant Wallon, vous y trouverez diff\u00e9rents ateliers, diverses techniques et formules d\u2019accompagnement pour r\u00e9ussir \u00e0 vous \u00e9panouir, enfin. Parce que le but n\u2019est pas de vivre simplement, mais de vivre bien, et mieux\u00a0!<\/p>\n<p><strong>Coaching sur rendez-vous<\/strong><br \/>\nDifficult\u00e9s scolaires, amoureuses, conjugales ou relationnelles en g\u00e9n\u00e9ral\u2026 tous ces domaines peuvent \u00eatre abord\u00e9s et consid\u00e9rablement am\u00e9lior\u00e9s. N\u2019h\u00e9sitez pas \u00e0 contacter sans plus tarder L\u2019Espace Mieux-\u00catre.<\/p>\n<p><em>Plus d&#8217;informations sur\u00a0<a href=\"http:\/\/espace-mieux-etre.be\" target=\"_blank\" rel=\"noopener\">espace-mieux-etre.be<\/a><\/em><\/p>\n","intro":"\u00c0 Villers-La-Ville, d\u00e9couvrez cet espace de coaching qui conjugue ateliers de d\u00e9veloppement personnel et accompagnement personnalis\u00e9 pour vous aider \u00e0 retrouver joie et s\u00e9r\u00e9nit\u00e9.","nom_societe":"Espace Mieux-\u00catre C\u00e9cile Callewaert","adresse":"Rue de Sart 37, 1495 Villers-la-Ville","site":"espace-mieux-etre.be","lien_facebook":"https:\/\/www.facebook.com\/espacemieuxetre.be\/?__tn__=%2Cd%2CP-R&eid=ARB0DuVNwdTcYnbeOi-Z0Rt2PZTgVPayA4E3waVC5Rl2nTKmVo3FL58V6JVLl2QY34G2UWiQEn8K7Ao7","telephone":"+32 (0)475 645 965","email":"cecil.cal@gmail.com","number_impressions":""},"_yoast_wpseo_metadesc":"D\u00e9couvrez cet espace de coaching qui conjugue ateliers de d\u00e9veloppement personnel et accompagnement personnalis\u00e9 pour vous aider !","_yoast_wpseo_title":"Trouver un endroit pour se d\u00e9velopper personnellement%%page%% %%sep%% %%sitename%%","yoast_head":"<!-- This site is optimized with the Yoast SEO plugin v27.3 - https:\/\/yoast.com\/product\/yoast-seo-wordpress\/ -->\n<title>Trouver un endroit pour se d\u00e9velopper personnellement | Psychologies Belgique<\/title>\n<meta name=\"description\" content=\"D\u00e9couvrez cet espace de coaching qui conjugue ateliers de d\u00e9veloppement personnel et accompagnement personnalis\u00e9 pour vous aider !\" \/>\n<meta name=\"robots\" content=\"noindex, follow\" \/>\n<meta property=\"og:locale\" content=\"fr_FR\" \/>\n<meta property=\"og:type\" content=\"article\" \/>\n<meta property=\"og:title\" content=\"Trouver un endroit pour se d\u00e9velopper personnellement | Psychologies Belgique\" \/>\n<meta property=\"og:description\" content=\"D\u00e9couvrez cet espace de coaching qui conjugue ateliers de d\u00e9veloppement personnel et accompagnement personnalis\u00e9 pour vous aider !\" \/>\n<meta property=\"og:url\" content=\"https:\/\/www.psychologies.be\/fr\/adresse\/lespace-mieux-etre-un-endroit-pour-se-developper-personnellement\/\" \/>\n<meta property=\"og:site_name\" content=\"Psychologies Belgique\" \/>\n<meta property=\"article:publisher\" content=\"https:\/\/www.facebook.com\/Psychologies\" \/>\n<meta property=\"article:modified_time\" content=\"2019-12-06T14:06:18+00:00\" \/>\n<meta property=\"og:image\" content=\"https:\/\/www.psychologies.be\/fr\/wp-content\/uploads\/2019\/10\/psycho_cecilecallewaert-1.jpg\" \/>\n\t<meta property=\"og:image:width\" content=\"690\" \/>\n\t<meta property=\"og:image:height\" content=\"362\" \/>\n\t<meta property=\"og:image:type\" content=\"image\/jpeg\" \/>\n<meta name=\"twitter:card\" content=\"summary_large_image\" \/>\n<script type=\"application\/ld+json\" class=\"yoast-schema-graph\">{\"@context\":\"https:\\\/\\\/schema.org\",\"@graph\":[{\"@type\":\"WebPage\",\"@id\":\"https:\\\/\\\/www.psychologies.be\\\/fr\\\/adresse\\\/lespace-mieux-etre-un-endroit-pour-se-developper-personnellement\\\/\",\"url\":\"https:\\\/\\\/www.psychologies.be\\\/fr\\\/adresse\\\/lespace-mieux-etre-un-endroit-pour-se-developper-personnellement\\\/\",\"name\":\"Trouver un endroit pour se d\u00e9velopper personnellement | Psychologies Belgique\",\"isPartOf\":{\"@id\":\"https:\\\/\\\/www.psychologies.be\\\/fr\\\/#website\"},\"primaryImageOfPage\":{\"@id\":\"https:\\\/\\\/www.psychologies.be\\\/fr\\\/adresse\\\/lespace-mieux-etre-un-endroit-pour-se-developper-personnellement\\\/#primaryimage\"},\"image\":{\"@id\":\"https:\\\/\\\/www.psychologies.be\\\/fr\\\/adresse\\\/lespace-mieux-etre-un-endroit-pour-se-developper-personnellement\\\/#primaryimage\"},\"thumbnailUrl\":\"https:\\\/\\\/www.psychologies.be\\\/fr\\\/wp-content\\\/uploads\\\/2019\\\/10\\\/psycho_cecilecallewaert-1.jpg\",\"datePublished\":\"2019-10-28T11:56:16+00:00\",\"dateModified\":\"2019-12-06T14:06:18+00:00\",\"description\":\"D\u00e9couvrez cet espace de coaching qui conjugue ateliers de d\u00e9veloppement personnel et accompagnement personnalis\u00e9 pour vous aider !\",\"breadcrumb\":{\"@id\":\"https:\\\/\\\/www.psychologies.be\\\/fr\\\/adresse\\\/lespace-mieux-etre-un-endroit-pour-se-developper-personnellement\\\/#breadcrumb\"},\"inLanguage\":\"fr-FR\",\"potentialAction\":[{\"@type\":\"ReadAction\",\"target\":[\"https:\\\/\\\/www.psychologies.be\\\/fr\\\/adresse\\\/lespace-mieux-etre-un-endroit-pour-se-developper-personnellement\\\/\"]}]},{\"@type\":\"ImageObject\",\"inLanguage\":\"fr-FR\",\"@id\":\"https:\\\/\\\/www.psychologies.be\\\/fr\\\/adresse\\\/lespace-mieux-etre-un-endroit-pour-se-developper-personnellement\\\/#primaryimage\",\"url\":\"https:\\\/\\\/www.psychologies.be\\\/fr\\\/wp-content\\\/uploads\\\/2019\\\/10\\\/psycho_cecilecallewaert-1.jpg\",\"contentUrl\":\"https:\\\/\\\/www.psychologies.be\\\/fr\\\/wp-content\\\/uploads\\\/2019\\\/10\\\/psycho_cecilecallewaert-1.jpg\",\"width\":690,\"height\":362},{\"@type\":\"BreadcrumbList\",\"@id\":\"https:\\\/\\\/www.psychologies.be\\\/fr\\\/adresse\\\/lespace-mieux-etre-un-endroit-pour-se-developper-personnellement\\\/#breadcrumb\",\"itemListElement\":[{\"@type\":\"ListItem\",\"position\":1,\"name\":\"Home\",\"item\":\"https:\\\/\\\/www.psychologies.be\\\/fr\\\/\"},{\"@type\":\"ListItem\",\"position\":2,\"name\":\"Adresses\",\"item\":\"https:\\\/\\\/www.psychologies.be\\\/fr\\\/adresse\\\/\"},{\"@type\":\"ListItem\",\"position\":3,\"name\":\"L\u2019Espace Mieux-\u00catre : un endroit pour se d\u00e9velopper personnellement\"}]},{\"@type\":\"WebSite\",\"@id\":\"https:\\\/\\\/www.psychologies.be\\\/fr\\\/#website\",\"url\":\"https:\\\/\\\/www.psychologies.be\\\/fr\\\/\",\"name\":\"Psychologies Belgique\",\"description\":\"Psychologie, mieux se conna\u00eetre pour mieux vivre sa vie\",\"publisher\":{\"@id\":\"https:\\\/\\\/www.psychologies.be\\\/fr\\\/#organization\"},\"potentialAction\":[{\"@type\":\"SearchAction\",\"target\":{\"@type\":\"EntryPoint\",\"urlTemplate\":\"https:\\\/\\\/www.psychologies.be\\\/fr\\\/?s={search_term_string}\"},\"query-input\":{\"@type\":\"PropertyValueSpecification\",\"valueRequired\":true,\"valueName\":\"search_term_string\"}}],\"inLanguage\":\"fr-FR\"},{\"@type\":\"Organization\",\"@id\":\"https:\\\/\\\/www.psychologies.be\\\/fr\\\/#organization\",\"name\":\"Psychologies Belgique\",\"url\":\"https:\\\/\\\/www.psychologies.be\\\/fr\\\/\",\"logo\":{\"@type\":\"ImageObject\",\"inLanguage\":\"fr-FR\",\"@id\":\"https:\\\/\\\/www.psychologies.be\\\/fr\\\/#\\\/schema\\\/logo\\\/image\\\/\",\"url\":\"https:\\\/\\\/www.psychologies.be\\\/fr\\\/wp-content\\\/uploads\\\/2025\\\/03\\\/psychologies-be.png\",\"contentUrl\":\"https:\\\/\\\/www.psychologies.be\\\/fr\\\/wp-content\\\/uploads\\\/2025\\\/03\\\/psychologies-be.png\",\"width\":696,\"height\":696,\"caption\":\"Psychologies Belgique\"},\"image\":{\"@id\":\"https:\\\/\\\/www.psychologies.be\\\/fr\\\/#\\\/schema\\\/logo\\\/image\\\/\"},\"sameAs\":[\"https:\\\/\\\/www.facebook.com\\\/Psychologies\"]}]}<\/script>\n<!-- \/ Yoast SEO plugin. -->","yoast_head_json":{"title":"Trouver un endroit pour se d\u00e9velopper personnellement | Psychologies Belgique","description":"D\u00e9couvrez cet espace de coaching qui conjugue ateliers de d\u00e9veloppement personnel et accompagnement personnalis\u00e9 pour vous aider !","robots":{"index":"noindex","follow":"follow"},"og_locale":"fr_FR","og_type":"article","og_title":"Trouver un endroit pour se d\u00e9velopper personnellement | Psychologies Belgique","og_description":"D\u00e9couvrez cet espace de coaching qui conjugue ateliers de d\u00e9veloppement personnel et accompagnement personnalis\u00e9 pour vous aider !","og_url":"https:\/\/www.psychologies.be\/fr\/adresse\/lespace-mieux-etre-un-endroit-pour-se-developper-personnellement\/","og_site_name":"Psychologies Belgique","article_publisher":"https:\/\/www.facebook.com\/Psychologies","article_modified_time":"2019-12-06T14:06:18+00:00","og_image":[{"width":690,"height":362,"url":"https:\/\/www.psychologies.be\/fr\/wp-content\/uploads\/2019\/10\/psycho_cecilecallewaert-1.jpg","type":"image\/jpeg"}],"twitter_card":"summary_large_image","schema":{"@context":"https:\/\/schema.org","@graph":[{"@type":"WebPage","@id":"https:\/\/www.psychologies.be\/fr\/adresse\/lespace-mieux-etre-un-endroit-pour-se-developper-personnellement\/","url":"https:\/\/www.psychologies.be\/fr\/adresse\/lespace-mieux-etre-un-endroit-pour-se-developper-personnellement\/","name":"Trouver un endroit pour se d\u00e9velopper personnellement | Psychologies Belgique","isPartOf":{"@id":"https:\/\/www.psychologies.be\/fr\/#website"},"primaryImageOfPage":{"@id":"https:\/\/www.psychologies.be\/fr\/adresse\/lespace-mieux-etre-un-endroit-pour-se-developper-personnellement\/#primaryimage"},"image":{"@id":"https:\/\/www.psychologies.be\/fr\/adresse\/lespace-mieux-etre-un-endroit-pour-se-developper-personnellement\/#primaryimage"},"thumbnailUrl":"https:\/\/www.psychologies.be\/fr\/wp-content\/uploads\/2019\/10\/psycho_cecilecallewaert-1.jpg","datePublished":"2019-10-28T11:56:16+00:00","dateModified":"2019-12-06T14:06:18+00:00","description":"D\u00e9couvrez cet espace de coaching qui conjugue ateliers de d\u00e9veloppement personnel et accompagnement personnalis\u00e9 pour vous aider !","breadcrumb":{"@id":"https:\/\/www.psychologies.be\/fr\/adresse\/lespace-mieux-etre-un-endroit-pour-se-developper-personnellement\/#breadcrumb"},"inLanguage":"fr-FR","potentialAction":[{"@type":"ReadAction","target":["https:\/\/www.psychologies.be\/fr\/adresse\/lespace-mieux-etre-un-endroit-pour-se-developper-personnellement\/"]}]},{"@type":"ImageObject","inLanguage":"fr-FR","@id":"https:\/\/www.psychologies.be\/fr\/adresse\/lespace-mieux-etre-un-endroit-pour-se-developper-personnellement\/#primaryimage","url":"https:\/\/www.psychologies.be\/fr\/wp-content\/uploads\/2019\/10\/psycho_cecilecallewaert-1.jpg","contentUrl":"https:\/\/www.psychologies.be\/fr\/wp-content\/uploads\/2019\/10\/psycho_cecilecallewaert-1.jpg","width":690,"height":362},{"@type":"BreadcrumbList","@id":"https:\/\/www.psychologies.be\/fr\/adresse\/lespace-mieux-etre-un-endroit-pour-se-developper-personnellement\/#breadcrumb","itemListElement":[{"@type":"ListItem","position":1,"name":"Home","item":"https:\/\/www.psychologies.be\/fr\/"},{"@type":"ListItem","position":2,"name":"Adresses","item":"https:\/\/www.psychologies.be\/fr\/adresse\/"},{"@type":"ListItem","position":3,"name":"L\u2019Espace Mieux-\u00catre : un endroit pour se d\u00e9velopper personnellement"}]},{"@type":"WebSite","@id":"https:\/\/www.psychologies.be\/fr\/#website","url":"https:\/\/www.psychologies.be\/fr\/","name":"Psychologies Belgique","description":"Psychologie, mieux se conna\u00eetre pour mieux vivre sa vie","publisher":{"@id":"https:\/\/www.psychologies.be\/fr\/#organization"},"potentialAction":[{"@type":"SearchAction","target":{"@type":"EntryPoint","urlTemplate":"https:\/\/www.psychologies.be\/fr\/?s={search_term_string}"},"query-input":{"@type":"PropertyValueSpecification","valueRequired":true,"valueName":"search_term_string"}}],"inLanguage":"fr-FR"},{"@type":"Organization","@id":"https:\/\/www.psychologies.be\/fr\/#organization","name":"Psychologies Belgique","url":"https:\/\/www.psychologies.be\/fr\/","logo":{"@type":"ImageObject","inLanguage":"fr-FR","@id":"https:\/\/www.psychologies.be\/fr\/#\/schema\/logo\/image\/","url":"https:\/\/www.psychologies.be\/fr\/wp-content\/uploads\/2025\/03\/psychologies-be.png","contentUrl":"https:\/\/www.psychologies.be\/fr\/wp-content\/uploads\/2025\/03\/psychologies-be.png","width":696,"height":696,"caption":"Psychologies Belgique"},"image":{"@id":"https:\/\/www.psychologies.be\/fr\/#\/schema\/logo\/image\/"},"sameAs":["https:\/\/www.facebook.com\/Psychologies"]}]}},"_links":{"self":[{"href":"https:\/\/www.psychologies.be\/fr\/wp-json\/wp\/v2\/adresses-api\/8001","targetHints":{"allow":["GET"]}}],"collection":[{"href":"https:\/\/www.psychologies.be\/fr\/wp-json\/wp\/v2\/adresses-api"}],"about":[{"href":"https:\/\/www.psychologies.be\/fr\/wp-json\/wp\/v2\/types\/adresse"}],"author":[{"embeddable":true,"href":"https:\/\/www.psychologies.be\/fr\/wp-json\/wp\/v2\/users\/22"}],"version-history":[{"count":0,"href":"https:\/\/www.psychologies.be\/fr\/wp-json\/wp\/v2\/adresses-api\/8001\/revisions"}],"wp:featuredmedia":[{"embeddable":true,"href":"https:\/\/www.psychologies.be\/fr\/wp-json\/wp\/v2\/media\/8002"}],"wp:attachment":[{"href":"https:\/\/www.psychologies.be\/fr\/wp-json\/wp\/v2\/media?parent=8001"}],"curies":[{"name":"wp","href":"https:\/\/api.w.org\/{rel}","templated":true}]}}