{"id":8119,"date":"2019-11-25T17:20:49","date_gmt":"2019-11-25T16:20:49","guid":{"rendered":"http:\/\/www.psychologies.be\/com\/?post_type=adresse&#038;p=8119"},"modified":"2020-01-02T15:36:52","modified_gmt":"2020-01-02T14:36:52","slug":"la-conscience-une-entite-a-part-entiere","status":"publish","type":"adresse","link":"https:\/\/www.psychologies.be\/fr\/adresse\/la-conscience-une-entite-a-part-entiere\/","title":{"rendered":"La conscience, une entit\u00e9 \u00e0 part enti\u00e8re ?"},"content":{"rendered":"","protected":false},"author":22,"featured_media":8120,"template":"","meta":{"_acf_changed":false,"footnotes":""},"class_list":["post-8119","adresse","type-adresse","status-publish","has-post-thumbnail","hentry","Categorie-approche-psycho-corporelle"],"acf":{"coeur":false,"random":false,"description":"<p>Entrer en contact avec un proche d\u00e9c\u00e9d\u00e9\u2026 Apr\u00e8s la litt\u00e9rature et le cin\u00e9ma, ce v\u0153u, cher \u00e0 celles et ceux qui vivent dans l\u2019absence est abord\u00e9 par diff\u00e9rentes disciplines et ouvre le champ des questions. Exp\u00e9riences de Mort Imminente ou Out Of Body Exp\u00e9rience interrogent sur les myst\u00e8res de la conscience. Peut-elle exister sans support organique vivant\u00a0?<\/p>\n<p>Les ph\u00e9nom\u00e8nes consid\u00e9r\u00e9s longtemps comme paranormaux peuvent-ils aujourd\u2019hui \u00eatre d\u00e9finis autrement\u00a0? Comment la communaut\u00e9 scientifique aborde-t-elle aujourd\u2019hui les Communications Avec les D\u00e9funts (CAD) et V\u00e9cu Subjectif de Contact avec un D\u00e9funt (VSCD)\u00a0? Des th\u00e9matiques fondatrices de ce congr\u00e8s, organis\u00e9 autour de sp\u00e9cialistes renomm\u00e9s issus de diff\u00e9rentes disciplines.<\/p>\n<p>Int\u00e9ress\u00e9s par un forum sur le <strong>Deuil et les dimensions invisibles de la conscience<\/strong> ? Rendez-vous <a href=\"https:\/\/www.deuil-conscience.com\/\" target=\"_blank\" rel=\"noopener\">ici<\/a> pour plus d&#8217;informations.<\/p>\n","intro":"Les ph\u00e9nom\u00e8nes consid\u00e9r\u00e9s longtemps comme paranormaux peuvent-ils aujourd\u2019hui \u00eatre d\u00e9finis autrement\u00a0? Comment la communaut\u00e9 scientifique aborde-t-elle aujourd\u2019hui les Communications Avec les D\u00e9funts (CAD) et V\u00e9cu Subjectif de Contact avec un D\u00e9funt (VSCD)\u00a0? Des th\u00e9matiques fondatrices de ce congr\u00e8s, organis\u00e9 autour de sp\u00e9cialistes renomm\u00e9s issus de diff\u00e9rentes disciplines.","nom_societe":"Approches Transpersonnelles","adresse":"","site":"https:\/\/www.approches-transpersonnelles.be\/","lien_facebook":"https:\/\/www.facebook.com\/struzikmartine\/","telephone":"+32 485 93 76 39","email":"info@approches-transpersonnelles.be","number_impressions":""},"_yoast_wpseo_metadesc":null,"_yoast_wpseo_title":null,"yoast_head":"<!-- This site is optimized with the Yoast SEO plugin v27.3 - https:\/\/yoast.com\/product\/yoast-seo-wordpress\/ -->\n<title>La conscience, une entit\u00e9 \u00e0 part enti\u00e8re ? | Psychologies Belgique<\/title>\n<meta name=\"robots\" content=\"noindex, follow\" \/>\n<meta property=\"og:locale\" content=\"fr_FR\" \/>\n<meta property=\"og:type\" content=\"article\" \/>\n<meta property=\"og:title\" content=\"La conscience, une entit\u00e9 \u00e0 part enti\u00e8re ? | Psychologies Belgique\" \/>\n<meta property=\"og:url\" content=\"https:\/\/www.psychologies.be\/fr\/adresse\/la-conscience-une-entite-a-part-entiere\/\" \/>\n<meta property=\"og:site_name\" content=\"Psychologies Belgique\" \/>\n<meta property=\"article:publisher\" content=\"https:\/\/www.facebook.com\/Psychologies\" \/>\n<meta property=\"article:modified_time\" content=\"2020-01-02T14:36:52+00:00\" \/>\n<meta property=\"og:image\" content=\"https:\/\/www.psychologies.be\/fr\/wp-content\/uploads\/2019\/11\/psycho_apprcohestranspersonnelles-1.jpg\" \/>\n\t<meta property=\"og:image:width\" content=\"690\" \/>\n\t<meta property=\"og:image:height\" content=\"362\" \/>\n\t<meta property=\"og:image:type\" content=\"image\/jpeg\" \/>\n<meta name=\"twitter:card\" content=\"summary_large_image\" \/>\n<script type=\"application\/ld+json\" class=\"yoast-schema-graph\">{\"@context\":\"https:\\\/\\\/schema.org\",\"@graph\":[{\"@type\":\"WebPage\",\"@id\":\"https:\\\/\\\/www.psychologies.be\\\/fr\\\/adresse\\\/la-conscience-une-entite-a-part-entiere\\\/\",\"url\":\"https:\\\/\\\/www.psychologies.be\\\/fr\\\/adresse\\\/la-conscience-une-entite-a-part-entiere\\\/\",\"name\":\"La conscience, une entit\u00e9 \u00e0 part enti\u00e8re ? | Psychologies Belgique\",\"isPartOf\":{\"@id\":\"https:\\\/\\\/www.psychologies.be\\\/fr\\\/#website\"},\"primaryImageOfPage\":{\"@id\":\"https:\\\/\\\/www.psychologies.be\\\/fr\\\/adresse\\\/la-conscience-une-entite-a-part-entiere\\\/#primaryimage\"},\"image\":{\"@id\":\"https:\\\/\\\/www.psychologies.be\\\/fr\\\/adresse\\\/la-conscience-une-entite-a-part-entiere\\\/#primaryimage\"},\"thumbnailUrl\":\"https:\\\/\\\/www.psychologies.be\\\/fr\\\/wp-content\\\/uploads\\\/2019\\\/11\\\/psycho_apprcohestranspersonnelles-1.jpg\",\"datePublished\":\"2019-11-25T16:20:49+00:00\",\"dateModified\":\"2020-01-02T14:36:52+00:00\",\"breadcrumb\":{\"@id\":\"https:\\\/\\\/www.psychologies.be\\\/fr\\\/adresse\\\/la-conscience-une-entite-a-part-entiere\\\/#breadcrumb\"},\"inLanguage\":\"fr-FR\",\"potentialAction\":[{\"@type\":\"ReadAction\",\"target\":[\"https:\\\/\\\/www.psychologies.be\\\/fr\\\/adresse\\\/la-conscience-une-entite-a-part-entiere\\\/\"]}]},{\"@type\":\"ImageObject\",\"inLanguage\":\"fr-FR\",\"@id\":\"https:\\\/\\\/www.psychologies.be\\\/fr\\\/adresse\\\/la-conscience-une-entite-a-part-entiere\\\/#primaryimage\",\"url\":\"https:\\\/\\\/www.psychologies.be\\\/fr\\\/wp-content\\\/uploads\\\/2019\\\/11\\\/psycho_apprcohestranspersonnelles-1.jpg\",\"contentUrl\":\"https:\\\/\\\/www.psychologies.be\\\/fr\\\/wp-content\\\/uploads\\\/2019\\\/11\\\/psycho_apprcohestranspersonnelles-1.jpg\",\"width\":690,\"height\":362,\"caption\":\"psychoapproche\"},{\"@type\":\"BreadcrumbList\",\"@id\":\"https:\\\/\\\/www.psychologies.be\\\/fr\\\/adresse\\\/la-conscience-une-entite-a-part-entiere\\\/#breadcrumb\",\"itemListElement\":[{\"@type\":\"ListItem\",\"position\":1,\"name\":\"Home\",\"item\":\"https:\\\/\\\/www.psychologies.be\\\/fr\\\/\"},{\"@type\":\"ListItem\",\"position\":2,\"name\":\"Adresses\",\"item\":\"https:\\\/\\\/www.psychologies.be\\\/fr\\\/adresse\\\/\"},{\"@type\":\"ListItem\",\"position\":3,\"name\":\"La conscience, une entit\u00e9 \u00e0 part enti\u00e8re ?\"}]},{\"@type\":\"WebSite\",\"@id\":\"https:\\\/\\\/www.psychologies.be\\\/fr\\\/#website\",\"url\":\"https:\\\/\\\/www.psychologies.be\\\/fr\\\/\",\"name\":\"Psychologies Belgique\",\"description\":\"Psychologie, mieux se conna\u00eetre pour mieux vivre sa vie\",\"publisher\":{\"@id\":\"https:\\\/\\\/www.psychologies.be\\\/fr\\\/#organization\"},\"potentialAction\":[{\"@type\":\"SearchAction\",\"target\":{\"@type\":\"EntryPoint\",\"urlTemplate\":\"https:\\\/\\\/www.psychologies.be\\\/fr\\\/?s={search_term_string}\"},\"query-input\":{\"@type\":\"PropertyValueSpecification\",\"valueRequired\":true,\"valueName\":\"search_term_string\"}}],\"inLanguage\":\"fr-FR\"},{\"@type\":\"Organization\",\"@id\":\"https:\\\/\\\/www.psychologies.be\\\/fr\\\/#organization\",\"name\":\"Psychologies Belgique\",\"url\":\"https:\\\/\\\/www.psychologies.be\\\/fr\\\/\",\"logo\":{\"@type\":\"ImageObject\",\"inLanguage\":\"fr-FR\",\"@id\":\"https:\\\/\\\/www.psychologies.be\\\/fr\\\/#\\\/schema\\\/logo\\\/image\\\/\",\"url\":\"https:\\\/\\\/www.psychologies.be\\\/fr\\\/wp-content\\\/uploads\\\/2025\\\/03\\\/psychologies-be.png\",\"contentUrl\":\"https:\\\/\\\/www.psychologies.be\\\/fr\\\/wp-content\\\/uploads\\\/2025\\\/03\\\/psychologies-be.png\",\"width\":696,\"height\":696,\"caption\":\"Psychologies Belgique\"},\"image\":{\"@id\":\"https:\\\/\\\/www.psychologies.be\\\/fr\\\/#\\\/schema\\\/logo\\\/image\\\/\"},\"sameAs\":[\"https:\\\/\\\/www.facebook.com\\\/Psychologies\"]}]}<\/script>\n<!-- \/ Yoast SEO plugin. -->","yoast_head_json":{"title":"La conscience, une entit\u00e9 \u00e0 part enti\u00e8re ? | Psychologies Belgique","robots":{"index":"noindex","follow":"follow"},"og_locale":"fr_FR","og_type":"article","og_title":"La conscience, une entit\u00e9 \u00e0 part enti\u00e8re ? | Psychologies Belgique","og_url":"https:\/\/www.psychologies.be\/fr\/adresse\/la-conscience-une-entite-a-part-entiere\/","og_site_name":"Psychologies Belgique","article_publisher":"https:\/\/www.facebook.com\/Psychologies","article_modified_time":"2020-01-02T14:36:52+00:00","og_image":[{"width":690,"height":362,"url":"https:\/\/www.psychologies.be\/fr\/wp-content\/uploads\/2019\/11\/psycho_apprcohestranspersonnelles-1.jpg","type":"image\/jpeg"}],"twitter_card":"summary_large_image","schema":{"@context":"https:\/\/schema.org","@graph":[{"@type":"WebPage","@id":"https:\/\/www.psychologies.be\/fr\/adresse\/la-conscience-une-entite-a-part-entiere\/","url":"https:\/\/www.psychologies.be\/fr\/adresse\/la-conscience-une-entite-a-part-entiere\/","name":"La conscience, une entit\u00e9 \u00e0 part enti\u00e8re ? | Psychologies Belgique","isPartOf":{"@id":"https:\/\/www.psychologies.be\/fr\/#website"},"primaryImageOfPage":{"@id":"https:\/\/www.psychologies.be\/fr\/adresse\/la-conscience-une-entite-a-part-entiere\/#primaryimage"},"image":{"@id":"https:\/\/www.psychologies.be\/fr\/adresse\/la-conscience-une-entite-a-part-entiere\/#primaryimage"},"thumbnailUrl":"https:\/\/www.psychologies.be\/fr\/wp-content\/uploads\/2019\/11\/psycho_apprcohestranspersonnelles-1.jpg","datePublished":"2019-11-25T16:20:49+00:00","dateModified":"2020-01-02T14:36:52+00:00","breadcrumb":{"@id":"https:\/\/www.psychologies.be\/fr\/adresse\/la-conscience-une-entite-a-part-entiere\/#breadcrumb"},"inLanguage":"fr-FR","potentialAction":[{"@type":"ReadAction","target":["https:\/\/www.psychologies.be\/fr\/adresse\/la-conscience-une-entite-a-part-entiere\/"]}]},{"@type":"ImageObject","inLanguage":"fr-FR","@id":"https:\/\/www.psychologies.be\/fr\/adresse\/la-conscience-une-entite-a-part-entiere\/#primaryimage","url":"https:\/\/www.psychologies.be\/fr\/wp-content\/uploads\/2019\/11\/psycho_apprcohestranspersonnelles-1.jpg","contentUrl":"https:\/\/www.psychologies.be\/fr\/wp-content\/uploads\/2019\/11\/psycho_apprcohestranspersonnelles-1.jpg","width":690,"height":362,"caption":"psychoapproche"},{"@type":"BreadcrumbList","@id":"https:\/\/www.psychologies.be\/fr\/adresse\/la-conscience-une-entite-a-part-entiere\/#breadcrumb","itemListElement":[{"@type":"ListItem","position":1,"name":"Home","item":"https:\/\/www.psychologies.be\/fr\/"},{"@type":"ListItem","position":2,"name":"Adresses","item":"https:\/\/www.psychologies.be\/fr\/adresse\/"},{"@type":"ListItem","position":3,"name":"La conscience, une entit\u00e9 \u00e0 part enti\u00e8re ?"}]},{"@type":"WebSite","@id":"https:\/\/www.psychologies.be\/fr\/#website","url":"https:\/\/www.psychologies.be\/fr\/","name":"Psychologies Belgique","description":"Psychologie, mieux se conna\u00eetre pour mieux vivre sa vie","publisher":{"@id":"https:\/\/www.psychologies.be\/fr\/#organization"},"potentialAction":[{"@type":"SearchAction","target":{"@type":"EntryPoint","urlTemplate":"https:\/\/www.psychologies.be\/fr\/?s={search_term_string}"},"query-input":{"@type":"PropertyValueSpecification","valueRequired":true,"valueName":"search_term_string"}}],"inLanguage":"fr-FR"},{"@type":"Organization","@id":"https:\/\/www.psychologies.be\/fr\/#organization","name":"Psychologies Belgique","url":"https:\/\/www.psychologies.be\/fr\/","logo":{"@type":"ImageObject","inLanguage":"fr-FR","@id":"https:\/\/www.psychologies.be\/fr\/#\/schema\/logo\/image\/","url":"https:\/\/www.psychologies.be\/fr\/wp-content\/uploads\/2025\/03\/psychologies-be.png","contentUrl":"https:\/\/www.psychologies.be\/fr\/wp-content\/uploads\/2025\/03\/psychologies-be.png","width":696,"height":696,"caption":"Psychologies Belgique"},"image":{"@id":"https:\/\/www.psychologies.be\/fr\/#\/schema\/logo\/image\/"},"sameAs":["https:\/\/www.facebook.com\/Psychologies"]}]}},"_links":{"self":[{"href":"https:\/\/www.psychologies.be\/fr\/wp-json\/wp\/v2\/adresses-api\/8119","targetHints":{"allow":["GET"]}}],"collection":[{"href":"https:\/\/www.psychologies.be\/fr\/wp-json\/wp\/v2\/adresses-api"}],"about":[{"href":"https:\/\/www.psychologies.be\/fr\/wp-json\/wp\/v2\/types\/adresse"}],"author":[{"embeddable":true,"href":"https:\/\/www.psychologies.be\/fr\/wp-json\/wp\/v2\/users\/22"}],"version-history":[{"count":0,"href":"https:\/\/www.psychologies.be\/fr\/wp-json\/wp\/v2\/adresses-api\/8119\/revisions"}],"wp:featuredmedia":[{"embeddable":true,"href":"https:\/\/www.psychologies.be\/fr\/wp-json\/wp\/v2\/media\/8120"}],"wp:attachment":[{"href":"https:\/\/www.psychologies.be\/fr\/wp-json\/wp\/v2\/media?parent=8119"}],"curies":[{"name":"wp","href":"https:\/\/api.w.org\/{rel}","templated":true}]}}