{"id":9283,"date":"2020-12-10T14:10:59","date_gmt":"2020-12-10T13:10:59","guid":{"rendered":"http:\/\/www.psychologies.be\/com\/?post_type=adresse&#038;p=9283"},"modified":"2021-01-06T10:12:43","modified_gmt":"2021-01-06T09:12:43","slug":"la-phototherapie-un-cadeau-qui-a-du-sens","status":"publish","type":"adresse","link":"https:\/\/www.psychologies.be\/fr\/adresse\/la-phototherapie-un-cadeau-qui-a-du-sens\/","title":{"rendered":"La phototh\u00e9rapie\u00a0: un cadeau qui a du sens\u00a0!"},"content":{"rendered":"","protected":false},"author":5,"featured_media":9299,"template":"","meta":{"_acf_changed":false,"footnotes":""},"class_list":["post-9283","adresse","type-adresse","status-publish","has-post-thumbnail","hentry","Categorie-approche-psycho-corporelle"],"acf":{"coeur":false,"random":true,"description":"<p>A la recherche d\u2019un cadeau de No\u00ebl pour les personnes les plus pr\u00e9cieuses \u00e0 vos yeux\u00a0?<\/p>\n<p>Dans son studio professionnel baign\u00e9 de lumi\u00e8re naturelle, Jean Mahaux booste l\u2019estime de soi en seulement une journ\u00e9e qui restera grav\u00e9e \u00e0 jamais. Sur papier glac\u00e9 et dans les c\u0153urs.<\/p>\n<p>Encore peu connue chez nous, la phototh\u00e9rapie utilise la photographie dans un but th\u00e9rapeutique qui vise \u00e0 am\u00e9liorer le regard qu\u2019on porte sur soi.<\/p>\n<p>Fort de son exp\u00e9rience et de sa sensibilit\u00e9, Jean Mahaux a propuls\u00e9 cette approche au niveau sup\u00e9rieur en mettant sur pied une m\u00e9thode phototh\u00e9rapeutique qui lui est propre et qui fait ses preuves depuis plusieurs ann\u00e9es.<\/p>\n<p>Contrairement \u00e0 ce que l\u2019on pourrait penser, elle ne s\u2019adresse pas seulement aux femmes qui ont du mal \u00e0 s\u2019accepter physiquement mais aussi \u00e0 toutes celles qui traversent une p\u00e9riode de<br \/>\ntransition, qui souffrent d\u2019une s\u00e9paration, qui ont connu un burn-out, qui se sont embarqu\u00e9es<br \/>\ndans un relation toxique, qui veulent gravir les \u00e9chelons, qui sont devenues maman et veulent se ressentir femme, qui ont \u00e9t\u00e9 touch\u00e9es par la maladie, qui connaissent une crise d\u2019adolescence ou qui souhaitent simplement prendre du temps pour soi\u2026.<\/p>\n<p>Parce qu\u2019en plus de gommer les complexes sans retouches, cette m\u00e9thode a d\u2019innombrables<br \/>\neffets positifs sur le plan psychologique.<\/p>\n<p>La phototh\u00e9rapie aide toutes les femmes, de tous \u00e2ges et horizons confondus, \u00e0 grandir et \u00e0 s\u2019\u00e9panouir\u2026<br \/>\nL\u2019objectif de Jean Mahaux ne prend pas seulement de jolis clich\u00e9s, il illumine les regards et<br \/>\nr\u00e9veille la confiance en soi.<\/p>\n<p>Une s\u00e9ance n\u2019est pas un shooting comme les autres, c\u2019est un t\u00eate-\u00e0-t\u00eate avec soi-m\u00eame qui<br \/>\nm\u00e9tamorphose en profondeur.<\/p>\n<p>Un instant hors du temps \u00e0 offrir \u00e0 ceux qu\u2019on aime.<\/p>\n<p>Plus d\u2019infos\u00a0? www.phototherapie.be<\/p>\n","intro":"A la recherche d\u2019un cadeau de No\u00ebl pour les personnes les plus pr\u00e9cieuses \u00e0 vos yeux\u00a0? Dans son studio professionnel baign\u00e9 de lumi\u00e8re naturelle, Jean Mahaux booste l\u2019estime de soi en seulement une journ\u00e9e qui restera grav\u00e9e \u00e0 jamais. Sur papier glac\u00e9 et dans les c\u0153urs.","nom_societe":"Jean Mahaux photography","adresse":"2 Vaux 4570 Marchin","site":"http:\/\/phototherapie.be","lien_facebook":"","telephone":"+32494588375","email":"jean.mahaux@skynet.be","number_impressions":""},"_yoast_wpseo_metadesc":null,"_yoast_wpseo_title":null,"yoast_head":"<!-- This site is optimized with the Yoast SEO plugin v27.3 - https:\/\/yoast.com\/product\/yoast-seo-wordpress\/ -->\n<title>La phototh\u00e9rapie\u00a0: un cadeau qui a du sens\u00a0! | Psychologies Belgique<\/title>\n<meta name=\"robots\" content=\"noindex, follow\" \/>\n<meta property=\"og:locale\" content=\"fr_FR\" \/>\n<meta property=\"og:type\" content=\"article\" \/>\n<meta property=\"og:title\" content=\"La phototh\u00e9rapie\u00a0: un cadeau qui a du sens\u00a0! | Psychologies Belgique\" \/>\n<meta property=\"og:url\" content=\"https:\/\/www.psychologies.be\/fr\/adresse\/la-phototherapie-un-cadeau-qui-a-du-sens\/\" \/>\n<meta property=\"og:site_name\" content=\"Psychologies Belgique\" \/>\n<meta property=\"article:publisher\" content=\"https:\/\/www.facebook.com\/Psychologies\" \/>\n<meta property=\"article:modified_time\" content=\"2021-01-06T09:12:43+00:00\" \/>\n<meta property=\"og:image\" content=\"https:\/\/www.psychologies.be\/fr\/wp-content\/uploads\/2012\/12\/psycho_phototherapie-1.jpg\" \/>\n\t<meta property=\"og:image:width\" content=\"690\" \/>\n\t<meta property=\"og:image:height\" content=\"362\" \/>\n\t<meta property=\"og:image:type\" content=\"image\/jpeg\" \/>\n<meta name=\"twitter:card\" content=\"summary_large_image\" \/>\n<script type=\"application\/ld+json\" class=\"yoast-schema-graph\">{\"@context\":\"https:\\\/\\\/schema.org\",\"@graph\":[{\"@type\":\"WebPage\",\"@id\":\"https:\\\/\\\/www.psychologies.be\\\/fr\\\/adresse\\\/la-phototherapie-un-cadeau-qui-a-du-sens\\\/\",\"url\":\"https:\\\/\\\/www.psychologies.be\\\/fr\\\/adresse\\\/la-phototherapie-un-cadeau-qui-a-du-sens\\\/\",\"name\":\"La phototh\u00e9rapie\u00a0: un cadeau qui a du sens\u00a0! | Psychologies Belgique\",\"isPartOf\":{\"@id\":\"https:\\\/\\\/www.psychologies.be\\\/fr\\\/#website\"},\"primaryImageOfPage\":{\"@id\":\"https:\\\/\\\/www.psychologies.be\\\/fr\\\/adresse\\\/la-phototherapie-un-cadeau-qui-a-du-sens\\\/#primaryimage\"},\"image\":{\"@id\":\"https:\\\/\\\/www.psychologies.be\\\/fr\\\/adresse\\\/la-phototherapie-un-cadeau-qui-a-du-sens\\\/#primaryimage\"},\"thumbnailUrl\":\"https:\\\/\\\/www.psychologies.be\\\/fr\\\/wp-content\\\/uploads\\\/2012\\\/12\\\/psycho_phototherapie-1.jpg\",\"datePublished\":\"2020-12-10T13:10:59+00:00\",\"dateModified\":\"2021-01-06T09:12:43+00:00\",\"breadcrumb\":{\"@id\":\"https:\\\/\\\/www.psychologies.be\\\/fr\\\/adresse\\\/la-phototherapie-un-cadeau-qui-a-du-sens\\\/#breadcrumb\"},\"inLanguage\":\"fr-FR\",\"potentialAction\":[{\"@type\":\"ReadAction\",\"target\":[\"https:\\\/\\\/www.psychologies.be\\\/fr\\\/adresse\\\/la-phototherapie-un-cadeau-qui-a-du-sens\\\/\"]}]},{\"@type\":\"ImageObject\",\"inLanguage\":\"fr-FR\",\"@id\":\"https:\\\/\\\/www.psychologies.be\\\/fr\\\/adresse\\\/la-phototherapie-un-cadeau-qui-a-du-sens\\\/#primaryimage\",\"url\":\"https:\\\/\\\/www.psychologies.be\\\/fr\\\/wp-content\\\/uploads\\\/2012\\\/12\\\/psycho_phototherapie-1.jpg\",\"contentUrl\":\"https:\\\/\\\/www.psychologies.be\\\/fr\\\/wp-content\\\/uploads\\\/2012\\\/12\\\/psycho_phototherapie-1.jpg\",\"width\":690,\"height\":362},{\"@type\":\"BreadcrumbList\",\"@id\":\"https:\\\/\\\/www.psychologies.be\\\/fr\\\/adresse\\\/la-phototherapie-un-cadeau-qui-a-du-sens\\\/#breadcrumb\",\"itemListElement\":[{\"@type\":\"ListItem\",\"position\":1,\"name\":\"Home\",\"item\":\"https:\\\/\\\/www.psychologies.be\\\/fr\\\/\"},{\"@type\":\"ListItem\",\"position\":2,\"name\":\"Adresses\",\"item\":\"https:\\\/\\\/www.psychologies.be\\\/fr\\\/adresse\\\/\"},{\"@type\":\"ListItem\",\"position\":3,\"name\":\"La phototh\u00e9rapie\u00a0: un cadeau qui a du sens\u00a0!\"}]},{\"@type\":\"WebSite\",\"@id\":\"https:\\\/\\\/www.psychologies.be\\\/fr\\\/#website\",\"url\":\"https:\\\/\\\/www.psychologies.be\\\/fr\\\/\",\"name\":\"Psychologies Belgique\",\"description\":\"Psychologie, mieux se conna\u00eetre pour mieux vivre sa vie\",\"publisher\":{\"@id\":\"https:\\\/\\\/www.psychologies.be\\\/fr\\\/#organization\"},\"potentialAction\":[{\"@type\":\"SearchAction\",\"target\":{\"@type\":\"EntryPoint\",\"urlTemplate\":\"https:\\\/\\\/www.psychologies.be\\\/fr\\\/?s={search_term_string}\"},\"query-input\":{\"@type\":\"PropertyValueSpecification\",\"valueRequired\":true,\"valueName\":\"search_term_string\"}}],\"inLanguage\":\"fr-FR\"},{\"@type\":\"Organization\",\"@id\":\"https:\\\/\\\/www.psychologies.be\\\/fr\\\/#organization\",\"name\":\"Psychologies Belgique\",\"url\":\"https:\\\/\\\/www.psychologies.be\\\/fr\\\/\",\"logo\":{\"@type\":\"ImageObject\",\"inLanguage\":\"fr-FR\",\"@id\":\"https:\\\/\\\/www.psychologies.be\\\/fr\\\/#\\\/schema\\\/logo\\\/image\\\/\",\"url\":\"https:\\\/\\\/www.psychologies.be\\\/fr\\\/wp-content\\\/uploads\\\/2025\\\/03\\\/psychologies-be.png\",\"contentUrl\":\"https:\\\/\\\/www.psychologies.be\\\/fr\\\/wp-content\\\/uploads\\\/2025\\\/03\\\/psychologies-be.png\",\"width\":696,\"height\":696,\"caption\":\"Psychologies Belgique\"},\"image\":{\"@id\":\"https:\\\/\\\/www.psychologies.be\\\/fr\\\/#\\\/schema\\\/logo\\\/image\\\/\"},\"sameAs\":[\"https:\\\/\\\/www.facebook.com\\\/Psychologies\"]}]}<\/script>\n<!-- \/ Yoast SEO plugin. -->","yoast_head_json":{"title":"La phototh\u00e9rapie\u00a0: un cadeau qui a du sens\u00a0! | Psychologies Belgique","robots":{"index":"noindex","follow":"follow"},"og_locale":"fr_FR","og_type":"article","og_title":"La phototh\u00e9rapie\u00a0: un cadeau qui a du sens\u00a0! | Psychologies Belgique","og_url":"https:\/\/www.psychologies.be\/fr\/adresse\/la-phototherapie-un-cadeau-qui-a-du-sens\/","og_site_name":"Psychologies Belgique","article_publisher":"https:\/\/www.facebook.com\/Psychologies","article_modified_time":"2021-01-06T09:12:43+00:00","og_image":[{"width":690,"height":362,"url":"https:\/\/www.psychologies.be\/fr\/wp-content\/uploads\/2012\/12\/psycho_phototherapie-1.jpg","type":"image\/jpeg"}],"twitter_card":"summary_large_image","schema":{"@context":"https:\/\/schema.org","@graph":[{"@type":"WebPage","@id":"https:\/\/www.psychologies.be\/fr\/adresse\/la-phototherapie-un-cadeau-qui-a-du-sens\/","url":"https:\/\/www.psychologies.be\/fr\/adresse\/la-phototherapie-un-cadeau-qui-a-du-sens\/","name":"La phototh\u00e9rapie\u00a0: un cadeau qui a du sens\u00a0! | Psychologies Belgique","isPartOf":{"@id":"https:\/\/www.psychologies.be\/fr\/#website"},"primaryImageOfPage":{"@id":"https:\/\/www.psychologies.be\/fr\/adresse\/la-phototherapie-un-cadeau-qui-a-du-sens\/#primaryimage"},"image":{"@id":"https:\/\/www.psychologies.be\/fr\/adresse\/la-phototherapie-un-cadeau-qui-a-du-sens\/#primaryimage"},"thumbnailUrl":"https:\/\/www.psychologies.be\/fr\/wp-content\/uploads\/2012\/12\/psycho_phototherapie-1.jpg","datePublished":"2020-12-10T13:10:59+00:00","dateModified":"2021-01-06T09:12:43+00:00","breadcrumb":{"@id":"https:\/\/www.psychologies.be\/fr\/adresse\/la-phototherapie-un-cadeau-qui-a-du-sens\/#breadcrumb"},"inLanguage":"fr-FR","potentialAction":[{"@type":"ReadAction","target":["https:\/\/www.psychologies.be\/fr\/adresse\/la-phototherapie-un-cadeau-qui-a-du-sens\/"]}]},{"@type":"ImageObject","inLanguage":"fr-FR","@id":"https:\/\/www.psychologies.be\/fr\/adresse\/la-phototherapie-un-cadeau-qui-a-du-sens\/#primaryimage","url":"https:\/\/www.psychologies.be\/fr\/wp-content\/uploads\/2012\/12\/psycho_phototherapie-1.jpg","contentUrl":"https:\/\/www.psychologies.be\/fr\/wp-content\/uploads\/2012\/12\/psycho_phototherapie-1.jpg","width":690,"height":362},{"@type":"BreadcrumbList","@id":"https:\/\/www.psychologies.be\/fr\/adresse\/la-phototherapie-un-cadeau-qui-a-du-sens\/#breadcrumb","itemListElement":[{"@type":"ListItem","position":1,"name":"Home","item":"https:\/\/www.psychologies.be\/fr\/"},{"@type":"ListItem","position":2,"name":"Adresses","item":"https:\/\/www.psychologies.be\/fr\/adresse\/"},{"@type":"ListItem","position":3,"name":"La phototh\u00e9rapie\u00a0: un cadeau qui a du sens\u00a0!"}]},{"@type":"WebSite","@id":"https:\/\/www.psychologies.be\/fr\/#website","url":"https:\/\/www.psychologies.be\/fr\/","name":"Psychologies Belgique","description":"Psychologie, mieux se conna\u00eetre pour mieux vivre sa vie","publisher":{"@id":"https:\/\/www.psychologies.be\/fr\/#organization"},"potentialAction":[{"@type":"SearchAction","target":{"@type":"EntryPoint","urlTemplate":"https:\/\/www.psychologies.be\/fr\/?s={search_term_string}"},"query-input":{"@type":"PropertyValueSpecification","valueRequired":true,"valueName":"search_term_string"}}],"inLanguage":"fr-FR"},{"@type":"Organization","@id":"https:\/\/www.psychologies.be\/fr\/#organization","name":"Psychologies Belgique","url":"https:\/\/www.psychologies.be\/fr\/","logo":{"@type":"ImageObject","inLanguage":"fr-FR","@id":"https:\/\/www.psychologies.be\/fr\/#\/schema\/logo\/image\/","url":"https:\/\/www.psychologies.be\/fr\/wp-content\/uploads\/2025\/03\/psychologies-be.png","contentUrl":"https:\/\/www.psychologies.be\/fr\/wp-content\/uploads\/2025\/03\/psychologies-be.png","width":696,"height":696,"caption":"Psychologies Belgique"},"image":{"@id":"https:\/\/www.psychologies.be\/fr\/#\/schema\/logo\/image\/"},"sameAs":["https:\/\/www.facebook.com\/Psychologies"]}]}},"_links":{"self":[{"href":"https:\/\/www.psychologies.be\/fr\/wp-json\/wp\/v2\/adresses-api\/9283","targetHints":{"allow":["GET"]}}],"collection":[{"href":"https:\/\/www.psychologies.be\/fr\/wp-json\/wp\/v2\/adresses-api"}],"about":[{"href":"https:\/\/www.psychologies.be\/fr\/wp-json\/wp\/v2\/types\/adresse"}],"author":[{"embeddable":true,"href":"https:\/\/www.psychologies.be\/fr\/wp-json\/wp\/v2\/users\/5"}],"version-history":[{"count":0,"href":"https:\/\/www.psychologies.be\/fr\/wp-json\/wp\/v2\/adresses-api\/9283\/revisions"}],"wp:featuredmedia":[{"embeddable":true,"href":"https:\/\/www.psychologies.be\/fr\/wp-json\/wp\/v2\/media\/9299"}],"wp:attachment":[{"href":"https:\/\/www.psychologies.be\/fr\/wp-json\/wp\/v2\/media?parent=9283"}],"curies":[{"name":"wp","href":"https:\/\/api.w.org\/{rel}","templated":true}]}}